{"version":"1.0","provider_name":"MEID\u00c4N METS\u00c4MME \u2011kansalaisliike","provider_url":"https:\/\/meidanmetsamme.org","author_name":"teemule","author_url":"https:\/\/meidanmetsamme.org\/index.php\/author\/teemule\/","title":"Ekologisen kriisin juurilla -seminaari - MEID\u00c4N METS\u00c4MME \u2011kansalaisliike","type":"rich","width":600,"height":338,"html":"<blockquote class=\"wp-embedded-content\" data-secret=\"gDmHMAKoHE\"><a href=\"https:\/\/meidanmetsamme.org\/index.php\/2019\/06\/07\/ekologisen-kriisin-juurilla-seminaari\/\">Ekologisen kriisin juurilla -seminaari<\/a><\/blockquote><iframe sandbox=\"allow-scripts\" security=\"restricted\" src=\"https:\/\/meidanmetsamme.org\/index.php\/2019\/06\/07\/ekologisen-kriisin-juurilla-seminaari\/embed\/#?secret=gDmHMAKoHE\" width=\"600\" height=\"338\" title=\"&#8221;Ekologisen kriisin juurilla -seminaari&#8221; &#8212; MEID\u00c4N METS\u00c4MME \u2011kansalaisliike\" data-secret=\"gDmHMAKoHE\" frameborder=\"0\" marginwidth=\"0\" marginheight=\"0\" scrolling=\"no\" class=\"wp-embedded-content\"><\/iframe><script>\n\/*! This file is auto-generated *\/\n!function(d,l){\"use strict\";l.querySelector&&d.addEventListener&&\"undefined\"!=typeof URL&&(d.wp=d.wp||{},d.wp.receiveEmbedMessage||(d.wp.receiveEmbedMessage=function(e){var t=e.data;if((t||t.secret||t.message||t.value)&&!\/[^a-zA-Z0-9]\/.test(t.secret)){for(var s,r,n,a=l.querySelectorAll('iframe[data-secret=\"'+t.secret+'\"]'),o=l.querySelectorAll('blockquote[data-secret=\"'+t.secret+'\"]'),c=new RegExp(\"^https?:$\",\"i\"),i=0;i<o.length;i++)o[i].style.display=\"none\";for(i=0;i<a.length;i++)s=a[i],e.source===s.contentWindow&&(s.removeAttribute(\"style\"),\"height\"===t.message?(1e3<(r=parseInt(t.value,10))?r=1e3:~~r<200&&(r=200),s.height=r):\"link\"===t.message&&(r=new URL(s.getAttribute(\"src\")),n=new URL(t.value),c.test(n.protocol))&&n.host===r.host&&l.activeElement===s&&(d.top.location.href=t.value))}},d.addEventListener(\"message\",d.wp.receiveEmbedMessage,!1),l.addEventListener(\"DOMContentLoaded\",function(){for(var e,t,s=l.querySelectorAll(\"iframe.wp-embedded-content\"),r=0;r<s.length;r++)(t=(e=s[r]).getAttribute(\"data-secret\"))||(t=Math.random().toString(36).substring(2,12),e.src+=\"#?secret=\"+t,e.setAttribute(\"data-secret\",t)),e.contentWindow.postMessage({message:\"ready\",secret:t},\"*\")},!1)))}(window,document);\n\/\/# sourceURL=https:\/\/meidanmetsamme.org\/wp-includes\/js\/wp-embed.min.js\n<\/script>\n","thumbnail_url":"https:\/\/meidanmetsamme.org\/wp-content\/uploads\/2019\/06\/IMG_3872.jpg","thumbnail_width":2592,"thumbnail_height":1944,"description":"ke 12.6.2019, klo 14-16:30, Viikin kampus Talouskasvua pidet\u00e4\u00e4n yh\u00e4 enemmiss\u00e4 m\u00e4\u00e4rin p\u00e4\u00e4syyn\u00e4 ilmastonmuutokselle ja biologiselle joukkotuholle. Ratkaistakseen ekologisen kriisin, yhteiskuntien ja ihmisyhteis\u00f6jen on vapauduttava talouden kasvupakosta. Mutta miksi se on niin vaikeaa? Tervetuloa keskustelemaan juurisyist\u00e4 kanssamme! Ohjelma: 14:00 Tervetuloa, Juuri &amp; Juuri \u2013hirsiveistosten luona 14:15 Juuri &amp; Juuri -hirsiveistosten avajaisseremonia, Hannes Aleksi Hyv\u00f6nen, hirsirakentaja ja&hellip; Jatka lukemista Ei otsikkoa"}