{"version":"1.0","provider_name":"MEID\u00c4N METS\u00c4MME \u2011kansalaisliike","provider_url":"https:\/\/meidanmetsamme.org","author_name":"teemule","author_url":"https:\/\/meidanmetsamme.org\/index.php\/author\/teemule\/","title":"Paikallinen mets\u00e4dialogi Salon Vaskio 5.3.2020 - MEID\u00c4N METS\u00c4MME \u2011kansalaisliike","type":"rich","width":600,"height":338,"html":"<blockquote class=\"wp-embedded-content\" data-secret=\"n2YlUbKUVS\"><a href=\"https:\/\/meidanmetsamme.org\/index.php\/2020\/03\/05\/metsadialogit-salon-vaskio\/\">Paikallinen mets\u00e4dialogi Salon Vaskio 5.3.2020<\/a><\/blockquote><iframe sandbox=\"allow-scripts\" security=\"restricted\" src=\"https:\/\/meidanmetsamme.org\/index.php\/2020\/03\/05\/metsadialogit-salon-vaskio\/embed\/#?secret=n2YlUbKUVS\" width=\"600\" height=\"338\" title=\"&#8221;Paikallinen mets\u00e4dialogi Salon Vaskio 5.3.2020&#8221; &#8212; MEID\u00c4N METS\u00c4MME \u2011kansalaisliike\" data-secret=\"n2YlUbKUVS\" frameborder=\"0\" marginwidth=\"0\" marginheight=\"0\" scrolling=\"no\" class=\"wp-embedded-content\"><\/iframe><script>\n\/*! This file is auto-generated *\/\n!function(d,l){\"use strict\";l.querySelector&&d.addEventListener&&\"undefined\"!=typeof URL&&(d.wp=d.wp||{},d.wp.receiveEmbedMessage||(d.wp.receiveEmbedMessage=function(e){var t=e.data;if((t||t.secret||t.message||t.value)&&!\/[^a-zA-Z0-9]\/.test(t.secret)){for(var s,r,n,a=l.querySelectorAll('iframe[data-secret=\"'+t.secret+'\"]'),o=l.querySelectorAll('blockquote[data-secret=\"'+t.secret+'\"]'),c=new RegExp(\"^https?:$\",\"i\"),i=0;i<o.length;i++)o[i].style.display=\"none\";for(i=0;i<a.length;i++)s=a[i],e.source===s.contentWindow&&(s.removeAttribute(\"style\"),\"height\"===t.message?(1e3<(r=parseInt(t.value,10))?r=1e3:~~r<200&&(r=200),s.height=r):\"link\"===t.message&&(r=new URL(s.getAttribute(\"src\")),n=new URL(t.value),c.test(n.protocol))&&n.host===r.host&&l.activeElement===s&&(d.top.location.href=t.value))}},d.addEventListener(\"message\",d.wp.receiveEmbedMessage,!1),l.addEventListener(\"DOMContentLoaded\",function(){for(var e,t,s=l.querySelectorAll(\"iframe.wp-embedded-content\"),r=0;r<s.length;r++)(t=(e=s[r]).getAttribute(\"data-secret\"))||(t=Math.random().toString(36).substring(2,12),e.src+=\"#?secret=\"+t,e.setAttribute(\"data-secret\",t)),e.contentWindow.postMessage({message:\"ready\",secret:t},\"*\")},!1)))}(window,document);\n\/\/# sourceURL=https:\/\/meidanmetsamme.org\/wp-includes\/js\/wp-embed.min.js\n<\/script>\n","thumbnail_url":"https:\/\/meidanmetsamme.org\/wp-content\/uploads\/2020\/03\/IMG_4761.jpg","thumbnail_width":1200,"thumbnail_height":800,"description":"Nyt #mets\u00e4dialogi vietiin paikallistasolle! Meid\u00e4n mets\u00e4mme -ty\u00f6ryhm\u00e4 j\u00e4rjesti ensimm\u00e4isen paikallis\/alueellisen mets\u00e4dialogin Salon Vaskiolla 5.3.2020 M\u00e4nk\u00e4rin tilalla. Mukana mm. ELY-keskuksen, Mets\u00e4keskuksen, Salon kaupungin ja seurakunnan, WWF Suomen, Salon luonnonmets\u00e4s\u00e4\u00e4ti\u00f6n, mets\u00e4nomistajien ja luonnonsuojelijoiden edustajia. Fasilitattorina toimi j\u00e4lleen, vuosien kokemuksella Timo J\u00e4rvensivu. K\u00e4ytiin innostunutta keskustelua siit\u00e4, millaista mets\u00e4nhoitoa halutaan. Puhuttiin siit\u00e4, mit\u00e4 pit\u00e4isi v\u00e4hent\u00e4\u00e4 ja mit\u00e4 rakentaa tilalle&hellip; Jatka lukemista Ei otsikkoa"}