{"version":"1.0","provider_name":"MEID\u00c4N METS\u00c4MME \u2011kansalaisliike","provider_url":"https:\/\/meidanmetsamme.org","author_name":"teemule","author_url":"https:\/\/meidanmetsamme.org\/index.php\/author\/teemule\/","title":"Kuka edustaa mets\u00e4\u00e4 mets\u00e4neuvostossa? - MEID\u00c4N METS\u00c4MME \u2011kansalaisliike","type":"rich","width":600,"height":338,"html":"<blockquote class=\"wp-embedded-content\" data-secret=\"KTVMsdvgtk\"><a href=\"https:\/\/meidanmetsamme.org\/index.php\/2020\/06\/09\/kuka-edustaa-metsaa-metsaneuvostossa\/\">Kuka edustaa mets\u00e4\u00e4 mets\u00e4neuvostossa?<\/a><\/blockquote><iframe sandbox=\"allow-scripts\" security=\"restricted\" src=\"https:\/\/meidanmetsamme.org\/index.php\/2020\/06\/09\/kuka-edustaa-metsaa-metsaneuvostossa\/embed\/#?secret=KTVMsdvgtk\" width=\"600\" height=\"338\" title=\"&#8221;Kuka edustaa mets\u00e4\u00e4 mets\u00e4neuvostossa?&#8221; &#8212; MEID\u00c4N METS\u00c4MME \u2011kansalaisliike\" data-secret=\"KTVMsdvgtk\" frameborder=\"0\" marginwidth=\"0\" marginheight=\"0\" scrolling=\"no\" class=\"wp-embedded-content\"><\/iframe><script>\n\/*! This file is auto-generated *\/\n!function(d,l){\"use strict\";l.querySelector&&d.addEventListener&&\"undefined\"!=typeof URL&&(d.wp=d.wp||{},d.wp.receiveEmbedMessage||(d.wp.receiveEmbedMessage=function(e){var t=e.data;if((t||t.secret||t.message||t.value)&&!\/[^a-zA-Z0-9]\/.test(t.secret)){for(var s,r,n,a=l.querySelectorAll('iframe[data-secret=\"'+t.secret+'\"]'),o=l.querySelectorAll('blockquote[data-secret=\"'+t.secret+'\"]'),c=new RegExp(\"^https?:$\",\"i\"),i=0;i<o.length;i++)o[i].style.display=\"none\";for(i=0;i<a.length;i++)s=a[i],e.source===s.contentWindow&&(s.removeAttribute(\"style\"),\"height\"===t.message?(1e3<(r=parseInt(t.value,10))?r=1e3:~~r<200&&(r=200),s.height=r):\"link\"===t.message&&(r=new URL(s.getAttribute(\"src\")),n=new URL(t.value),c.test(n.protocol))&&n.host===r.host&&l.activeElement===s&&(d.top.location.href=t.value))}},d.addEventListener(\"message\",d.wp.receiveEmbedMessage,!1),l.addEventListener(\"DOMContentLoaded\",function(){for(var e,t,s=l.querySelectorAll(\"iframe.wp-embedded-content\"),r=0;r<s.length;r++)(t=(e=s[r]).getAttribute(\"data-secret\"))||(t=Math.random().toString(36).substring(2,12),e.src+=\"#?secret=\"+t,e.setAttribute(\"data-secret\",t)),e.contentWindow.postMessage({message:\"ready\",secret:t},\"*\")},!1)))}(window,document);\n\/\/# sourceURL=https:\/\/meidanmetsamme.org\/wp-includes\/js\/wp-embed.min.js\n<\/script>\n","thumbnail_url":"https:\/\/meidanmetsamme.org\/wp-content\/uploads\/2019\/10\/meidanmetsamme-logo-ellipse-200px.png","thumbnail_width":200,"thumbnail_height":123,"description":"Tiedote 9.6.2020 Biologien ja ekologien t\u00e4ytyy olla paremmin edustettuina kun Suomen metsien kohtalosta p\u00e4\u00e4tet\u00e4\u00e4n, vaatii Meid\u00e4n Mets\u00e4mme -kansalaisliike. Meid\u00e4n Mets\u00e4mme -liike vaatii, ett\u00e4 Suomen kansallisen, vuoteen 2025 ulottuvan mets\u00e4strategian toteuttamista valvovaa ja kehitt\u00e4v\u00e4\u00e4 mets\u00e4neuvostoa t\u00e4ydennet\u00e4\u00e4n. Ministeri Jari Lep\u00e4n elokuussa 2019 asettamassa neuvostossa on 32 j\u00e4sent\u00e4. Heist\u00e4 ylivoimainen enemmist\u00f6 on mets\u00e4teollisuuden tai muita mets\u00e4n k\u00e4yt\u00f6n edustajia.&hellip; Jatka lukemista Ei otsikkoa"}