{"version":"1.0","provider_name":"MEID\u00c4N METS\u00c4MME \u2011kansalaisliike","provider_url":"https:\/\/meidanmetsamme.org","author_name":"teemule","author_url":"https:\/\/meidanmetsamme.org\/index.php\/author\/teemule\/","title":"Mets\u00e4dialogisarja 1\/3 - MEID\u00c4N METS\u00c4MME \u2011kansalaisliike","type":"rich","width":600,"height":338,"html":"<blockquote class=\"wp-embedded-content\" data-secret=\"6TfdwTBaKO\"><a href=\"https:\/\/meidanmetsamme.org\/index.php\/2020\/09\/18\/metsadialogisarja-1-3\/\">Mets\u00e4dialogisarja 1\/3<\/a><\/blockquote><iframe sandbox=\"allow-scripts\" security=\"restricted\" src=\"https:\/\/meidanmetsamme.org\/index.php\/2020\/09\/18\/metsadialogisarja-1-3\/embed\/#?secret=6TfdwTBaKO\" width=\"600\" height=\"338\" title=\"&#8221;Mets\u00e4dialogisarja 1\/3&#8221; &#8212; MEID\u00c4N METS\u00c4MME \u2011kansalaisliike\" data-secret=\"6TfdwTBaKO\" frameborder=\"0\" marginwidth=\"0\" marginheight=\"0\" scrolling=\"no\" class=\"wp-embedded-content\"><\/iframe><script>\n\/*! This file is auto-generated *\/\n!function(d,l){\"use strict\";l.querySelector&&d.addEventListener&&\"undefined\"!=typeof URL&&(d.wp=d.wp||{},d.wp.receiveEmbedMessage||(d.wp.receiveEmbedMessage=function(e){var t=e.data;if((t||t.secret||t.message||t.value)&&!\/[^a-zA-Z0-9]\/.test(t.secret)){for(var s,r,n,a=l.querySelectorAll('iframe[data-secret=\"'+t.secret+'\"]'),o=l.querySelectorAll('blockquote[data-secret=\"'+t.secret+'\"]'),c=new RegExp(\"^https?:$\",\"i\"),i=0;i<o.length;i++)o[i].style.display=\"none\";for(i=0;i<a.length;i++)s=a[i],e.source===s.contentWindow&&(s.removeAttribute(\"style\"),\"height\"===t.message?(1e3<(r=parseInt(t.value,10))?r=1e3:~~r<200&&(r=200),s.height=r):\"link\"===t.message&&(r=new URL(s.getAttribute(\"src\")),n=new URL(t.value),c.test(n.protocol))&&n.host===r.host&&l.activeElement===s&&(d.top.location.href=t.value))}},d.addEventListener(\"message\",d.wp.receiveEmbedMessage,!1),l.addEventListener(\"DOMContentLoaded\",function(){for(var e,t,s=l.querySelectorAll(\"iframe.wp-embedded-content\"),r=0;r<s.length;r++)(t=(e=s[r]).getAttribute(\"data-secret\"))||(t=Math.random().toString(36).substring(2,12),e.src+=\"#?secret=\"+t,e.setAttribute(\"data-secret\",t)),e.contentWindow.postMessage({message:\"ready\",secret:t},\"*\")},!1)))}(window,document);\n\/\/# sourceURL=https:\/\/meidanmetsamme.org\/wp-includes\/js\/wp-embed.min.js\n<\/script>\n","thumbnail_url":"https:\/\/meidanmetsamme.org\/wp-content\/uploads\/2020\/10\/IMG_7964-Small.jpg","thumbnail_width":720,"thumbnail_height":480,"description":"Meid\u00e4n mets\u00e4mme-kansanliikkeen j\u00e4rjest\u00e4m\u00e4 kolmen kerran mets\u00e4dialogisarjan ensimm\u00e4inen osa pidettiin perjantaina 18.9.2020 Tammelassa. Valitsimme dialogipaikaksi luonnonkauniin, kahden kansallispuiston Torronsuon ja Liesj\u00e4rven Tammelan, miss\u00e4 my\u00f6s metsien k\u00e4ytt\u00f6 n\u00e4kyy vahvasti maisemassa. Tarkoituksena oli yhteisest\u00e4 huolesta k\u00e4sin etsi\u00e4 vaihtoehtoisia visioita siit\u00e4, miten turvata mets\u00e4luonnon monimuotoisuus ja hillit\u00e4 p\u00e4\u00e4st\u00f6j\u00e4 ja samalla sopeutua ilmastonmuutokseen metsien k\u00e4yt\u00f6n n\u00e4k\u00f6kulmasta. Pyrimme kuuntelemaan ja ymm\u00e4rt\u00e4m\u00e4\u00e4n&hellip; Jatka lukemista Ei otsikkoa"}