{"version":"1.0","provider_name":"MEID\u00c4N METS\u00c4MME \u2011kansalaisliike","provider_url":"https:\/\/meidanmetsamme.org","author_name":"Margit","author_url":"https:\/\/meidanmetsamme.org\/index.php\/author\/margit\/","title":"Ty\u00f6 metsien puolesta jatkuu - MEID\u00c4N METS\u00c4MME \u2011kansalaisliike","type":"rich","width":600,"height":338,"html":"<blockquote class=\"wp-embedded-content\" data-secret=\"dOqOR53Tf7\"><a href=\"https:\/\/meidanmetsamme.org\/index.php\/2021\/02\/23\/tyo-metsien-puolesta-jatkuu\/\">Ty\u00f6 metsien puolesta jatkuu<\/a><\/blockquote><iframe sandbox=\"allow-scripts\" security=\"restricted\" src=\"https:\/\/meidanmetsamme.org\/index.php\/2021\/02\/23\/tyo-metsien-puolesta-jatkuu\/embed\/#?secret=dOqOR53Tf7\" width=\"600\" height=\"338\" title=\"&#8221;Ty\u00f6 metsien puolesta jatkuu&#8221; &#8212; MEID\u00c4N METS\u00c4MME \u2011kansalaisliike\" data-secret=\"dOqOR53Tf7\" frameborder=\"0\" marginwidth=\"0\" marginheight=\"0\" scrolling=\"no\" class=\"wp-embedded-content\"><\/iframe><script>\n\/*! This file is auto-generated *\/\n!function(d,l){\"use strict\";l.querySelector&&d.addEventListener&&\"undefined\"!=typeof URL&&(d.wp=d.wp||{},d.wp.receiveEmbedMessage||(d.wp.receiveEmbedMessage=function(e){var t=e.data;if((t||t.secret||t.message||t.value)&&!\/[^a-zA-Z0-9]\/.test(t.secret)){for(var s,r,n,a=l.querySelectorAll('iframe[data-secret=\"'+t.secret+'\"]'),o=l.querySelectorAll('blockquote[data-secret=\"'+t.secret+'\"]'),c=new RegExp(\"^https?:$\",\"i\"),i=0;i<o.length;i++)o[i].style.display=\"none\";for(i=0;i<a.length;i++)s=a[i],e.source===s.contentWindow&&(s.removeAttribute(\"style\"),\"height\"===t.message?(1e3<(r=parseInt(t.value,10))?r=1e3:~~r<200&&(r=200),s.height=r):\"link\"===t.message&&(r=new URL(s.getAttribute(\"src\")),n=new URL(t.value),c.test(n.protocol))&&n.host===r.host&&l.activeElement===s&&(d.top.location.href=t.value))}},d.addEventListener(\"message\",d.wp.receiveEmbedMessage,!1),l.addEventListener(\"DOMContentLoaded\",function(){for(var e,t,s=l.querySelectorAll(\"iframe.wp-embedded-content\"),r=0;r<s.length;r++)(t=(e=s[r]).getAttribute(\"data-secret\"))||(t=Math.random().toString(36).substring(2,12),e.src+=\"#?secret=\"+t,e.setAttribute(\"data-secret\",t)),e.contentWindow.postMessage({message:\"ready\",secret:t},\"*\")},!1)))}(window,document);\n\/\/# sourceURL=https:\/\/meidanmetsamme.org\/wp-includes\/js\/wp-embed.min.js\n<\/script>\n","thumbnail_url":"https:\/\/meidanmetsamme.org\/wp-content\/uploads\/2021\/02\/banpmjooodofabhe.jpg","thumbnail_width":1280,"thumbnail_height":847,"description":"Kev\u00e4ttalvi 2021. Meid\u00e4n mets\u00e4mme-ty\u00f6ryhm\u00e4ss\u00e4 suunnittelemme parhaillaan seuraavaa mets\u00e4dialogia, joka k\u00e4yd\u00e4\u00e4n Mets\u00e4 Groupin Kirkniemell\u00e4 Lohjalla huhtikuussa. Mukaan on tulossa pieni, mutta arvovaltainen asiantuntijajoukko, jonka tavoitteena on k\u00e4yd\u00e4 rakentavaa tulevaisuuksiinkin kurottuvaa dialogia, jossa keskustellaan ilmastonmuutoksen hillitsemisen ja luonnon monimuotoisuuden turvaamisen tavoitteista ja toimenpiteist\u00e4 Suomen mets\u00e4luonnon osalta. Tekeill\u00e4 on my\u00f6s mets\u00e4inen dokumenttisarja Svenska Yle Femin kanssa. Kaikkiin Suomen&hellip; Jatka lukemista Ei otsikkoa"}