{"id":1106,"date":"2021-02-14T19:13:06","date_gmt":"2021-02-14T17:13:06","guid":{"rendered":"https:\/\/uusimeidanmetsamme.jlehtinen.net\/?page_id=1106"},"modified":"2022-02-03T18:35:07","modified_gmt":"2022-02-03T16:35:07","slug":"meidan-metsamme-kannanotto-27-10-2018","status":"publish","type":"page","link":"https:\/\/meidanmetsamme.org\/index.php\/etusivu\/vaikuttamistyomme\/meidan-metsamme-kannanotto-27-10-2018\/","title":{"rendered":"Meid\u00e4n mets\u00e4mme -tilaisuus 27.10.2018"},"content":{"rendered":"\n<figure class=\"wp-block-image size-large\"><img loading=\"lazy\" decoding=\"async\" width=\"1024\" height=\"683\" src=\"https:\/\/meidanmetsamme.org\/wp-content\/uploads\/2018\/11\/CZ9A9573-1024x683.jpg\" alt=\"Meid\u00e4n mets\u00e4mme tuomiokirkon kryptassa\" class=\"wp-image-487\" srcset=\"https:\/\/meidanmetsamme.org\/wp-content\/uploads\/2018\/11\/CZ9A9573-1024x683.jpg 1024w, https:\/\/meidanmetsamme.org\/wp-content\/uploads\/2018\/11\/CZ9A9573-300x200.jpg 300w, https:\/\/meidanmetsamme.org\/wp-content\/uploads\/2018\/11\/CZ9A9573-768x512.jpg 768w\" sizes=\"auto, (max-width: 1024px) 100vw, 1024px\" \/><figcaption>Noin 400 ihmist\u00e4 kokoontui Helsingin tuomiokirkon kryptassa 27.10.2018 ottamaan kantaa MEID\u00c4N METS\u00c4MME puolesta. Kuva: ty\u00f6ryhm\u00e4n arkisto<\/figcaption><\/figure>\n\n\n\n<p>Ohjelmassa, joka rakentui henkil\u00f6kohtaisista tarinoista, taiteellisesta ilmaisusta sek\u00e4 tieteellisist\u00e4 puheenvuoroista, jaettiin mets\u00e4iloa sek\u00e4 mets\u00e4surua. Tutkijat, mets\u00e4nomistajat, yritt\u00e4j\u00e4t ja politiikot hautoivat ajatuksia siit\u00e4, kuinka mets\u00e4nhoitoa uudistetaan ekologisesti kest\u00e4v\u00e4mm\u00e4ksi. <\/p>\n\n\n\n<p>Kirjallinen kannanotto luovutettiin ymp\u00e4ristoministerin sek\u00e4 maa- ja mets\u00e4talousministerin edustajalle. Kannanotto viittaa ja liittyy sis\u00e4ll\u00f6llisesti WWF Suomen mets\u00e4visioon 2025, Suomen luonnonsuojeluliiton mets\u00e4tavoitteisiin 2018-2030, 24.3.2017 julkaistuun 68:n tutkijan julkilausumaan Suomen mets\u00e4nk\u00e4ytt\u00f6suunnitelmien seurauksista sek\u00e4 17.5.2018 julkaistuun Avohakkuut historiaan -kansalaisaloitteeseen.<\/p>\n\n\n\n<iframe loading=\"lazy\" width=\"560\" height=\"315\" src=\"https:\/\/www.youtube.com\/embed\/CZlfny4xqrE\" title=\"YouTube video player\" frameborder=\"0\" allow=\"accelerometer; autoplay; clipboard-write; encrypted-media; gyroscope; picture-in-picture\" allowfullscreen=\"\"><\/iframe>\n\n\n\n<p><a href=\"https:\/\/meidanmetsamme.org\/index.php\/2018\/10\/27\/meidanmetsamme-kari-makinen-tervehdys-kannanoton-suojelijalta\/\"><strong>Kari M\u00e4kinen:<\/strong> Tervehdys kannanoton suojelijalta<\/a><\/p>\n\n\n\n<p><a href=\"https:\/\/youtu.be\/YYrEUGoUSpo?t=3663\"><strong>Tero Toivanen<\/strong>, BirdLife: Mets\u00e4lintujen taantuminen<\/a><\/p>\n\n\n\n<p><\/p>\n\n\n\n<div class=\"wp-block-group\"><div class=\"wp-block-group__inner-container is-layout-flow wp-block-group-is-layout-flow\">\n<ul class=\"wp-block-list\"><li><a href=\"https:\/\/meidanmetsamme.org\/wp-content\/uploads\/2025\/05\/Kansalaisten-kannanotto-metsien-puolesta-150525.pdf\" data-type=\"URL\" data-id=\"https:\/\/meidanmetsamme.org\/wp-content\/uploads\/2025\/05\/Kansalaisten-kannanotto-metsien-puolesta-150525.pdf\">Kansalaisten kannanotto metsien puolesta, p\u00e4ivitetty 15.5.2025 &#8211; pdf-tiedosto<\/a><\/li><li><a href=\"https:\/\/meidanmetsamme.org\/wp-content\/uploads\/2024\/04\/Kannanotto-2024.pdf\">Kansalaisten kannanotto metsien puolesta, p\u00e4ivitetty 18.4.2024<\/a> &#8211; pdf-tiedosto<\/li><li><a rel=\"noreferrer noopener\" href=\"https:\/\/meidanmetsamme.org\/wp-content\/uploads\/2022\/02\/MM_kannanotto_3_02_2022.docx\" target=\"_blank\">Meid\u00e4n mets\u00e4mme -kannanotto, p\u00e4ivitetty 3.2.2022<\/a> &#8211; word-tiedosto<\/li><li><a rel=\"noreferrer noopener\" href=\"https:\/\/meidanmetsamme.org\/wp-content\/uploads\/2019\/11\/meidan-metsamme-kannanotto-2019.pdf\" data-type=\"URL\" target=\"_blank\">Meid\u00e4n mets\u00e4mme -kannanotto, p\u00e4ivitetty 29.11.2019<\/a> &#8211; pdf-tiedosto<\/li><li><a rel=\"noreferrer noopener\" href=\"https:\/\/meidanmetsamme.org\/wp-content\/uploads\/2018\/06\/meidan-metsamme-kannanotto-2018.pdf\" target=\"_blank\">Meid\u00e4n mets\u00e4mme &#8211; kannanotto, alkuper\u00e4inen, 27.10.2018<\/a> &#8211; pdf-tiedosto<\/li><\/ul>\n<\/div><\/div>\n\n\n\n<p><\/p>\n\n\n\n<ul class=\"wp-block-list\"><li><a href=\"https:\/\/meidanmetsamme.org\/index.php\/2018\/12\/21\/kannanoton-videotallenne\/\" data-type=\"post\" data-id=\"555\">Meid\u00e4n mets\u00e4mme &#8211; <\/a><a rel=\"noreferrer noopener\" href=\"https:\/\/meidanmetsamme.org\/index.php\/2018\/12\/21\/kannanoton-videotallenne\/\" data-type=\"post\" target=\"_blank\">kannanoton julkistamistilaisuuden videotallenne<\/a><\/li><li><a href=\"https:\/\/meidanmetsamme.org\/wp-content\/uploads\/2018\/10\/meidan-metsamme-ohjelma-www.pdf\" target=\"_blank\" rel=\"noreferrer noopener\">Meid\u00e4n mets\u00e4mme &#8211; kannanoton julkistamistilaisuuden ohjelma 27.10.2018<\/a> &#8211; pdf-tiedosto<\/li><\/ul>\n\n\n\n<p><\/p>\n\n\n\n<p><a href=\"https:\/\/meidanmetsamme.org\/index.php\/etusivu\/pa-svenska\/\"><strong>Katso Meid\u00e4n mets\u00e4mme -kannanotot ruotsiksi.<\/strong><\/a><\/p>\n\n\n\r\n<!--  Starting Simple Link Directory Plugin Output -->\r\n<div class=\"qcld-main-container-style-simple\"><div class=\"qcopd-list-wrapper\" >\r\n\t<div id=\"opd-list-holder\" class=\"qc-grid qcopd-list-holder\">\r\n\t\t\r\n\t\t<!-- Individual List Item -->\r\n\t\t<div id=\"list-item-1-1194\" class=\"qc-grid-item qcopd-list-column opd-column-1 simple opd-list-id-1194\">\r\n\t\t\t<div class=\"qcopd-single-list\">\r\n\t\t\t\t\r\n\t\t\t\t<h2>\r\n\t\t\t\t\tPoimintoja teemoista\t\t\t\t<\/h2>\r\n\t\t\t\t<ul>\r\n\t\t\t\t\t\r\n\t\t\t\t\t<li id=\"item-1194-1\" style=\"\">\r\n\t\t\t\t\t\t\t\t\t\t\t\t<!-- List Anchor -->\r\n\t\t\t\t\t\t<a  rel=\"nofollow\" href=\"https:\/\/meidanmetsamme.org\/index.php\/2018\/10\/27\/ilona-hankonen-metso-rahoituksesta-seka-paremmasta-tiedosta-avohakkuiden-vaihtoehdoista-on-metsanomistajille-pelkkaa-hyotya\/\"\r\n\t\t\t\t\t\t\t>\r\n\r\n\t\t\t\t\t\t\t<!-- Image, If Present -->\r\n\t\t\t\t\t\t\t\t\t\t\t\t\t\t\t<span class=\"list-img\">\r\n\t\t\t\t\t\t\t\t\t<img decoding=\"async\" src=\"https:\/\/meidanmetsamme.org\/wp-content\/plugins\/simple-link-directory\/assets\/images\/list-image-placeholder.png\" alt=\"\">\r\n\t\t\t\t\t\t\t\t<\/span>\r\n\t\t\t\t\t\t\t\r\n\t\t\t\t\t\t\t<!-- Link Text -->\r\n\t\t\t\t\t\t\tIlona Hankonen: Metso-rahoituksesta sek\u00e4 paremmasta tiedosta avohakkuiden vaihtoehdoista on mets\u00e4nomistajille pelkk\u00e4\u00e4 hy\u00f6ty\u00e4\r\n\t\t\t\t\t\t<\/a>\r\n\t\t\t\t\t\t\t\t\t\t\t\t\r\n\t\t\t\t\t<\/li>\r\n\t\t\t\t\t\r\n\t\t\t\t\t<li id=\"item-1194-2\" style=\"\">\r\n\t\t\t\t\t\t\t\t\t\t\t\t<!-- List Anchor -->\r\n\t\t\t\t\t\t<a  rel=\"nofollow\" href=\"https:\/\/meidanmetsamme.org\/index.php\/2018\/10\/27\/meidanmetsamme-pertti-salolainen-metso-ohjelman-rahoitus-vuoteen-2025-pelastettava\/\"\r\n\t\t\t\t\t\t\t>\r\n\r\n\t\t\t\t\t\t\t<!-- Image, If Present -->\r\n\t\t\t\t\t\t\t\t\t\t\t\t\t\t\t<span class=\"list-img\">\r\n\t\t\t\t\t\t\t\t\t<img decoding=\"async\" src=\"https:\/\/meidanmetsamme.org\/wp-content\/plugins\/simple-link-directory\/assets\/images\/list-image-placeholder.png\" alt=\"\">\r\n\t\t\t\t\t\t\t\t<\/span>\r\n\t\t\t\t\t\t\t\r\n\t\t\t\t\t\t\t<!-- Link Text -->\r\n\t\t\t\t\t\t\tPertti Salolainen: Metso-ohjelman rahoitus vuoteen 2025 pelastettava\r\n\t\t\t\t\t\t<\/a>\r\n\t\t\t\t\t\t\t\t\t\t\t\t\r\n\t\t\t\t\t<\/li>\r\n\t\t\t\t\t\r\n\t\t\t\t\t<li id=\"item-1194-3\" style=\"\">\r\n\t\t\t\t\t\t\t\t\t\t\t\t<!-- List Anchor -->\r\n\t\t\t\t\t\t<a  rel=\"nofollow\" href=\"https:\/\/meidanmetsamme.org\/index.php\/2018\/10\/27\/henrik-westerholm-ja-juhani-karhumaki-kertoivat-metsan-suojelusta-saatioiden-kautta\/\"\r\n\t\t\t\t\t\t\t>\r\n\r\n\t\t\t\t\t\t\t<!-- Image, If Present -->\r\n\t\t\t\t\t\t\t\t\t\t\t\t\t\t\t<span class=\"list-img\">\r\n\t\t\t\t\t\t\t\t\t<img decoding=\"async\" src=\"https:\/\/meidanmetsamme.org\/wp-content\/plugins\/simple-link-directory\/assets\/images\/list-image-placeholder.png\" alt=\"\">\r\n\t\t\t\t\t\t\t\t<\/span>\r\n\t\t\t\t\t\t\t\r\n\t\t\t\t\t\t\t<!-- Link Text -->\r\n\t\t\t\t\t\t\tHenrik Westerholm ja Juhani Karhum\u00e4ki kertoivat mets\u00e4n suojelusta s\u00e4\u00e4ti\u00f6iden kautta\r\n\t\t\t\t\t\t<\/a>\r\n\t\t\t\t\t\t\t\t\t\t\t\t\r\n\t\t\t\t\t<\/li>\r\n\t\t\t\t\t\r\n\t\t\t\t\t<li id=\"item-1194-4\" style=\"\">\r\n\t\t\t\t\t\t\t\t\t\t\t\t<!-- List Anchor -->\r\n\t\t\t\t\t\t<a  rel=\"nofollow\" href=\"https:\/\/meidanmetsamme.org\/index.php\/2018\/10\/27\/erkki-lahde-kuntalaisaloite\/\"\r\n\t\t\t\t\t\t\t>\r\n\r\n\t\t\t\t\t\t\t<!-- Image, If Present -->\r\n\t\t\t\t\t\t\t\t\t\t\t\t\t\t\t<span class=\"list-img\">\r\n\t\t\t\t\t\t\t\t\t<img decoding=\"async\" src=\"https:\/\/meidanmetsamme.org\/wp-content\/plugins\/simple-link-directory\/assets\/images\/list-image-placeholder.png\" alt=\"\">\r\n\t\t\t\t\t\t\t\t<\/span>\r\n\t\t\t\t\t\t\t\r\n\t\t\t\t\t\t\t<!-- Link Text -->\r\n\t\t\t\t\t\t\tErkki L\u00e4hde: Jatkuva kasvatus kunnan tai seurakunnan metsien hoidon ja hakkuun menetelma\u0308ksi\r\n\t\t\t\t\t\t<\/a>\r\n\t\t\t\t\t\t\t\t\t\t\t\t\r\n\t\t\t\t\t<\/li>\r\n\t\t\t\t\t\r\n\t\t\t\t\t<li id=\"item-1194-5\" style=\"\">\r\n\t\t\t\t\t\t\t\t\t\t\t\t<!-- List Anchor -->\r\n\t\t\t\t\t\t<a  rel=\"nofollow\" href=\"https:\/\/meidanmetsamme.org\/index.php\/2018\/10\/27\/hannes-hyvonen-jos-halutaan-rakentaa-puusta-tarvitaan-laadukasta-rakennuspuuta\/\"\r\n\t\t\t\t\t\t\t>\r\n\r\n\t\t\t\t\t\t\t<!-- Image, If Present -->\r\n\t\t\t\t\t\t\t\t\t\t\t\t\t\t\t<span class=\"list-img\">\r\n\t\t\t\t\t\t\t\t\t<img decoding=\"async\" src=\"https:\/\/meidanmetsamme.org\/wp-content\/plugins\/simple-link-directory\/assets\/images\/list-image-placeholder.png\" alt=\"\">\r\n\t\t\t\t\t\t\t\t<\/span>\r\n\t\t\t\t\t\t\t\r\n\t\t\t\t\t\t\t<!-- Link Text -->\r\n\t\t\t\t\t\t\tHannes Hyv\u00f6nen: Jos halutaan rakentaa puusta, tarvitaan laadukasta rakennuspuuta\r\n\t\t\t\t\t\t<\/a>\r\n\t\t\t\t\t\t\t\t\t\t\t\t\r\n\t\t\t\t\t<\/li>\r\n\t\t\t\t\t\r\n\t\t\t\t\t<li id=\"item-1194-6\" style=\"\">\r\n\t\t\t\t\t\t\t\t\t\t\t\t<!-- List Anchor -->\r\n\t\t\t\t\t\t<a   href=\"https:\/\/meidanmetsamme.org\/index.php\/2018\/10\/27\/ihmiset-kokevat-metsasurua-ja-ymparistoahdistusta\/\"\r\n\t\t\t\t\t\t\t>\r\n\r\n\t\t\t\t\t\t\t<!-- Image, If Present -->\r\n\t\t\t\t\t\t\t\t\t\t\t\t\t\t\t<span class=\"list-img\">\r\n\t\t\t\t\t\t\t\t\t<img decoding=\"async\" src=\"https:\/\/meidanmetsamme.org\/wp-content\/plugins\/simple-link-directory\/assets\/images\/list-image-placeholder.png\" alt=\"\">\r\n\t\t\t\t\t\t\t\t<\/span>\r\n\t\t\t\t\t\t\t\r\n\t\t\t\t\t\t\t<!-- Link Text -->\r\n\t\t\t\t\t\t\tIhmiset kokevat mets\u00e4surua ja ymp\u00e4rist\u00f6ahdistusta\r\n\t\t\t\t\t\t<\/a>\r\n\t\t\t\t\t\t\t\t\t\t\t\t\r\n\t\t\t\t\t<\/li>\r\n\t\t\t\t\t\t\t\t\t<\/ul>\r\n\r\n\t\t\t<\/div>\r\n\r\n\t\t<\/div>\r\n\t\t<!-- \/Individual List Item -->\r\n\r\n\t\t\r\n\t\t<div class=\"sld-clearfix\"><\/div>\r\n\t\t\t<\/div>\r\n\t\t<div class=\"sld-clearfix\"><\/div>\r\n\t<\/div><\/div>\n\n\n\n<p><\/p>\n\n\n\n<p><\/p>\n\n\n\n<h2 class=\"wp-block-heading\">Meid\u00e4n mets\u00e4mme -kannanotto uutisissa<\/h2>\n\n\n\n<p><a href=\"https:\/\/meidanmetsamme.org\/index.php\/2018\/10\/31\/vastine-maaseudun-tulevaisuuden-paakirjoitukseen-31-10-2018\/\" data-type=\"URL\" data-id=\"https:\/\/meidanmetsamme.org\/index.php\/2018\/10\/31\/vastine-maaseudun-tulevaisuuden-paakirjoitukseen-31-10-2018\/\">Vastine Meid\u00e4n mets\u00e4mme -kannanoton j\u00e4rjest\u00e4jilt\u00e4 koskien Maaseudun tulevaisuuden p\u00e4\u00e4kirjoitusta <\/a>31.10.2018<\/p>\n\n\n\n<p><a href=\"https:\/\/meidanmetsamme.org\/index.php\/2018\/11\/21\/juuri-ja-juuri-hannes-hyvosen-haastattelu\/\">Juuri ja Juuri \u2013 Hannes Hyv\u00f6sen haastattelu 21.11.2018<\/a><\/p>\n\n\n\n<p><a href=\"https:\/\/meidanmetsamme.org\/index.php\/2019\/06\/07\/ekologisen-kriisin-juurilla-seminaari\/\" data-type=\"URL\" data-id=\"https:\/\/meidanmetsamme.org\/index.php\/2019\/06\/07\/ekologisen-kriisin-juurilla-seminaari\/\">Ekologisen kriisin juurilla -seminaari<\/a> 7.6.2019<\/p>\n\n\n\n<p><\/p>\n\n\n\n<h2 class=\"wp-block-heading\">J\u00e4rjest\u00e4j\u00e4t<\/h2>\n\n\n\n<p>Tapahtuman p\u00e4\u00e4j\u00e4rjest\u00e4j\u00e4n\u00e4 toimii Suomen kohtuusliikkeen mets\u00e4ty\u00f6ryhm\u00e4. Suomen kohtuusliike on aktiivisten kansalaisten verkosto, joka pyrkii edist\u00e4m\u00e4\u00e4n kohtuullista ja oikeudenmukaista elintapaa maapallon rajojen puittessa.<\/p>\n\n\n\n<p>Syksyll\u00e4 2016 Salon TasausKohtuusPajan j\u00e4rjest\u00e4m\u00e4ss\u00e4 kansalaisforumissa POLKUJA KOHTUUTEEN 2 her\u00e4si mets\u00e4ryhm\u00e4ty\u00f6skentelyss\u00e4 Salon Teijon kansallispuistossa ajatus mielenilmaisusta metsien puolesta. Idea j\u00e4i hautumaan. Seuraavana syksyn\u00e4 Kohtuus Vaarassa -liikkeen seminaarissa Kolilla toinen kuiskasi toisen korvaan: \u201dMin\u00e4 tulen mukaan\u201d. Samana syksyn\u00e4 2017 kirjeet l\u00e4htiv\u00e4t liikkeelle ja ty\u00f6ryhm\u00e4 kokoontui viiden hengen voimin Salossa 4.12.2017. Pian p\u00e4\u00e4tettiin, ett\u00e4 perinteisen mielenosoituksen sijaan toteutetaan kannanotto ilman marssia ja huutoja. Metodiksi valittiin Active Hope. Ty\u00f6ryhm\u00e4 koostuu aktiivisista kansalaisista, joilla on erilaista asiantuntemusta. Mukana on muun muassa ekologi, teologi, omavaraisviljelij\u00e4, kansanmuusikko, tutkijoita, tietojenk\u00e4sittelyn asiantuntija ja lavastaja.<\/p>\n\n\n\n<div class=\"wp-block-group\"><div class=\"wp-block-group__inner-container is-layout-flow wp-block-group-is-layout-flow\">\n<h2 class=\"wp-block-heading\">Kannanoton yhteisty\u00f6kumppanit<\/h2>\n\n\n\n<p>Yhteisty\u00f6ss\u00e4 ovat mukana mm. <a rel=\"noreferrer noopener\" href=\"https:\/\/www.sll.fi\/\" target=\"_blank\">Suomen luonnonsuojeluliitto<\/a>, <a rel=\"noreferrer noopener\" href=\"https:\/\/www.naturochmiljo.fi\/\" data-type=\"URL\" data-id=\"https:\/\/www.naturochmiljo.fi\/\" target=\"_blank\">Natur och Milj\u00f6<\/a>, <a href=\"https:\/\/wwf.fi\/\" target=\"_blank\" rel=\"noreferrer noopener\">WWF Suomi<\/a>, <a rel=\"noreferrer noopener\" href=\"https:\/\/www.luonnonperintosaatio.fi\/\" target=\"_blank\">Luonnonperint\u00f6s\u00e4\u00e4ti\u00f6<\/a>, <a rel=\"noreferrer noopener\" href=\"https:\/\/www.maanystavat.fi\/\" target=\"_blank\">Maan yst\u00e4v\u00e4t<\/a>, <a rel=\"noreferrer noopener\" href=\"https:\/\/www.helsinginseurakunnat.fi\/tuomiokirkkoseurakunta.html.stx\" target=\"_blank\">Tuomiokirkkoseurakunta<\/a>, <a rel=\"noreferrer noopener\" href=\"https:\/\/www.tasauskohtuuspaja.net\/\" target=\"_blank\">Salon TasausKohtuusPaja<\/a>, <a rel=\"noreferrer noopener\" href=\"http:\/\/www.salonluonnonmetsasaatio.fi\/\" target=\"_blank\">Salon luonnonmets\u00e4s\u00e4\u00e4ti\u00f6<\/a>, <a rel=\"noreferrer noopener\" href=\"http:\/\/www.kohtuusvaarassa.com\/\" target=\"_blank\">Kohtuus vaarassa<\/a> sek\u00e4 <a rel=\"noreferrer noopener\" href=\"https:\/\/kohtuuskymenlaaksossa.net\/\" target=\"_blank\">Kohtuus Kymenlaaksossa<\/a> -liikkeet, <a rel=\"noreferrer noopener\" href=\"https:\/\/vesl.fi\/\" target=\"_blank\">Vihre\u00e4 el\u00e4m\u00e4nsuojelun liitto <\/a>ja Ilmastovanhemmat.<\/p>\n\n\n\n<div class=\"wp-block-columns is-layout-flex wp-container-core-columns-is-layout-9d6595d7 wp-block-columns-is-layout-flex\">\n<div class=\"wp-block-column is-layout-flow wp-block-column-is-layout-flow\">\n<div class=\"wp-block-image\"><figure class=\"aligncenter size-large\"><img loading=\"lazy\" decoding=\"async\" width=\"184\" height=\"128\" src=\"https:\/\/meidanmetsamme.org\/wp-content\/uploads\/2018\/06\/naturochmiljo.png\" alt=\"Natur och Milj\u00f6\" class=\"wp-image-93\"\/><\/figure><\/div>\n<\/div>\n\n\n\n<div class=\"wp-block-column is-layout-flow wp-block-column-is-layout-flow\">\n<div class=\"wp-block-image\"><figure class=\"aligncenter size-large\"><img loading=\"lazy\" decoding=\"async\" width=\"184\" height=\"128\" src=\"https:\/\/meidanmetsamme.org\/wp-content\/uploads\/2018\/08\/wwf.png\" alt=\"WWF Suomi\" class=\"wp-image-258\"\/><\/figure><\/div>\n<\/div>\n\n\n\n<div class=\"wp-block-column is-layout-flow wp-block-column-is-layout-flow\">\n<div class=\"wp-block-image\"><figure class=\"aligncenter size-large\"><img loading=\"lazy\" decoding=\"async\" width=\"184\" height=\"128\" src=\"https:\/\/meidanmetsamme.org\/wp-content\/uploads\/2018\/08\/luonnonperinto.png\" alt=\"Luonnonperint\u00f6s\u00e4\u00e4ti\u00f6\" class=\"wp-image-261\"\/><\/figure><\/div>\n\n\n\n<p><\/p>\n<\/div>\n<\/div>\n\n\n\n<div class=\"wp-block-columns is-layout-flex wp-container-core-columns-is-layout-9d6595d7 wp-block-columns-is-layout-flex\">\n<div class=\"wp-block-column is-layout-flow wp-block-column-is-layout-flow\">\n<div class=\"wp-block-image\"><figure class=\"aligncenter size-large\"><img loading=\"lazy\" decoding=\"async\" width=\"184\" height=\"128\" src=\"https:\/\/meidanmetsamme.org\/wp-content\/uploads\/2018\/06\/salonluonnonmetsa.png\" alt=\"Salon luonnonmets\u00e4s\u00e4\u00e4tl\u00f6\" class=\"wp-image-94\"\/><\/figure><\/div>\n<\/div>\n\n\n\n<div class=\"wp-block-column is-layout-flow wp-block-column-is-layout-flow\">\n<div class=\"wp-block-image\"><figure class=\"aligncenter size-large\"><img loading=\"lazy\" decoding=\"async\" width=\"184\" height=\"128\" src=\"https:\/\/meidanmetsamme.org\/wp-content\/uploads\/2019\/12\/takopaja_logo_184.png\" alt=\"Salon TasausKohtuusPaja\" class=\"wp-image-681\"\/><\/figure><\/div>\n<\/div>\n\n\n\n<div class=\"wp-block-column is-layout-flow wp-block-column-is-layout-flow\">\n<div class=\"wp-block-image\"><figure class=\"aligncenter size-large\"><img loading=\"lazy\" decoding=\"async\" width=\"184\" height=\"128\" src=\"https:\/\/meidanmetsamme.org\/wp-content\/uploads\/2018\/06\/kohtuusvaarassa.png\" alt=\"Kohtuus Vaarassa\" class=\"wp-image-92\"\/><\/figure><\/div>\n<\/div>\n<\/div>\n\n\n\n<div class=\"wp-block-columns is-layout-flex wp-container-core-columns-is-layout-9d6595d7 wp-block-columns-is-layout-flex\">\n<div class=\"wp-block-column is-layout-flow wp-block-column-is-layout-flow\">\n<div class=\"wp-block-image\"><figure class=\"aligncenter size-large\"><img loading=\"lazy\" decoding=\"async\" width=\"184\" height=\"128\" src=\"https:\/\/meidanmetsamme.org\/wp-content\/uploads\/2018\/06\/vesl.png\" alt=\"Vihre\u00e4n El\u00e4m\u00e4nsuojelun Liitto\" class=\"wp-image-96\"\/><\/figure><\/div>\n<\/div>\n\n\n\n<div class=\"wp-block-column is-layout-flow wp-block-column-is-layout-flow\">\n<div class=\"wp-block-image\"><figure class=\"aligncenter size-large\"><img loading=\"lazy\" decoding=\"async\" width=\"184\" height=\"128\" src=\"https:\/\/meidanmetsamme.org\/wp-content\/uploads\/2018\/06\/maanystavat.png\" alt=\"Maan yst\u00e4v\u00e4t\" class=\"wp-image-159\"\/><\/figure><\/div>\n<\/div>\n\n\n\n<div class=\"wp-block-column is-layout-flow wp-block-column-is-layout-flow\">\n<div class=\"wp-block-image\"><figure class=\"aligncenter size-large\"><img loading=\"lazy\" decoding=\"async\" width=\"184\" height=\"128\" src=\"https:\/\/meidanmetsamme.org\/wp-content\/uploads\/2018\/06\/ilmastovanhemmat.png\" alt=\"Ilmastovanhemmat\" class=\"wp-image-204\"\/><\/figure><\/div>\n<\/div>\n<\/div>\n<\/div><\/div>\n","protected":false},"excerpt":{"rendered":"<p>Ohjelmassa, joka rakentui henkil\u00f6kohtaisista tarinoista, taiteellisesta ilmaisusta sek\u00e4 tieteellisist\u00e4 puheenvuoroista, jaettiin mets\u00e4iloa sek\u00e4 mets\u00e4surua. Tutkijat, mets\u00e4nomistajat, yritt\u00e4j\u00e4t ja politiikot hautoivat ajatuksia siit\u00e4, kuinka mets\u00e4nhoitoa uudistetaan ekologisesti kest\u00e4v\u00e4mm\u00e4ksi. Kirjallinen kannanotto luovutettiin ymp\u00e4ristoministerin sek\u00e4 maa- ja mets\u00e4talousministerin edustajalle. Kannanotto viittaa ja liittyy sis\u00e4ll\u00f6llisesti WWF Suomen mets\u00e4visioon 2025, Suomen luonnonsuojeluliiton mets\u00e4tavoitteisiin 2018-2030, 24.3.2017 julkaistuun 68:n tutkijan julkilausumaan Suomen&hellip; <a class=\"more-link\" href=\"https:\/\/meidanmetsamme.org\/index.php\/sld\/poimintoja-teemoista\/\">Jatka lukemista <span class=\"screen-reader-text\">Poimintoja teemoista<\/span><\/a><\/p>\n","protected":false},"author":4,"featured_media":0,"parent":902,"menu_order":0,"comment_status":"closed","ping_status":"closed","template":"","meta":{"footnotes":""},"class_list":["post-1106","page","type-page","status-publish","hentry","entry"],"yoast_head":"<!-- This site is optimized with the Yoast SEO plugin v27.4 - https:\/\/yoast.com\/product\/yoast-seo-wordpress\/ -->\n<title>Meid\u00e4n mets\u00e4mme -tilaisuus 27.10.2018 - MEID\u00c4N METS\u00c4MME \u2011kansalaisliike<\/title>\n<meta name=\"robots\" content=\"index, follow, max-snippet:-1, max-image-preview:large, max-video-preview:-1\" \/>\n<link rel=\"canonical\" href=\"https:\/\/meidanmetsamme.org\/index.php\/etusivu\/vaikuttamistyomme\/meidan-metsamme-kannanotto-27-10-2018\/\" \/>\n<meta property=\"og:locale\" content=\"fi_FI\" \/>\n<meta property=\"og:type\" content=\"article\" \/>\n<meta property=\"og:title\" content=\"Meid\u00e4n mets\u00e4mme -tilaisuus 27.10.2018 - MEID\u00c4N METS\u00c4MME \u2011kansalaisliike\" \/>\n<meta property=\"og:description\" content=\"Ohjelmassa, joka rakentui henkil\u00f6kohtaisista tarinoista, taiteellisesta ilmaisusta sek\u00e4 tieteellisist\u00e4 puheenvuoroista, jaettiin mets\u00e4iloa sek\u00e4 mets\u00e4surua. Tutkijat, mets\u00e4nomistajat, yritt\u00e4j\u00e4t ja politiikot hautoivat ajatuksia siit\u00e4, kuinka mets\u00e4nhoitoa uudistetaan ekologisesti kest\u00e4v\u00e4mm\u00e4ksi. Kirjallinen kannanotto luovutettiin ymp\u00e4ristoministerin sek\u00e4 maa- ja mets\u00e4talousministerin edustajalle. Kannanotto viittaa ja liittyy sis\u00e4ll\u00f6llisesti WWF Suomen mets\u00e4visioon 2025, Suomen luonnonsuojeluliiton mets\u00e4tavoitteisiin 2018-2030, 24.3.2017 julkaistuun 68:n tutkijan julkilausumaan Suomen&hellip; Jatka lukemista Poimintoja teemoista\" \/>\n<meta property=\"og:url\" content=\"https:\/\/meidanmetsamme.org\/index.php\/etusivu\/vaikuttamistyomme\/meidan-metsamme-kannanotto-27-10-2018\/\" \/>\n<meta property=\"og:site_name\" content=\"MEID\u00c4N METS\u00c4MME \u2011kansalaisliike\" \/>\n<meta property=\"article:modified_time\" content=\"2022-02-03T16:35:07+00:00\" \/>\n<meta property=\"og:image\" content=\"https:\/\/meidanmetsamme.org\/wp-content\/uploads\/2018\/11\/CZ9A9573-1024x683.jpg\" \/>\n\t<meta property=\"og:image:width\" content=\"1024\" \/>\n\t<meta property=\"og:image:height\" content=\"683\" \/>\n\t<meta property=\"og:image:type\" content=\"image\/jpeg\" \/>\n<meta name=\"twitter:card\" content=\"summary_large_image\" \/>\n<meta name=\"twitter:label1\" content=\"Arvioitu lukuaika\" \/>\n\t<meta name=\"twitter:data1\" content=\"1 minuutti\" \/>\n<script type=\"application\/ld+json\" class=\"yoast-schema-graph\">{\"@context\":\"https:\\\/\\\/schema.org\",\"@graph\":[{\"@type\":\"WebPage\",\"@id\":\"https:\\\/\\\/meidanmetsamme.org\\\/index.php\\\/etusivu\\\/vaikuttamistyomme\\\/meidan-metsamme-kannanotto-27-10-2018\\\/\",\"url\":\"https:\\\/\\\/meidanmetsamme.org\\\/index.php\\\/etusivu\\\/vaikuttamistyomme\\\/meidan-metsamme-kannanotto-27-10-2018\\\/\",\"name\":\"Meid\u00e4n mets\u00e4mme -tilaisuus 27.10.2018 - MEID\u00c4N METS\u00c4MME \u2011kansalaisliike\",\"isPartOf\":{\"@id\":\"https:\\\/\\\/meidanmetsamme.org\\\/#website\"},\"primaryImageOfPage\":{\"@id\":\"https:\\\/\\\/meidanmetsamme.org\\\/index.php\\\/etusivu\\\/vaikuttamistyomme\\\/meidan-metsamme-kannanotto-27-10-2018\\\/#primaryimage\"},\"image\":{\"@id\":\"https:\\\/\\\/meidanmetsamme.org\\\/index.php\\\/etusivu\\\/vaikuttamistyomme\\\/meidan-metsamme-kannanotto-27-10-2018\\\/#primaryimage\"},\"thumbnailUrl\":\"https:\\\/\\\/meidanmetsamme.org\\\/wp-content\\\/uploads\\\/2018\\\/11\\\/CZ9A9573-1024x683.jpg\",\"datePublished\":\"2021-02-14T17:13:06+00:00\",\"dateModified\":\"2022-02-03T16:35:07+00:00\",\"breadcrumb\":{\"@id\":\"https:\\\/\\\/meidanmetsamme.org\\\/index.php\\\/etusivu\\\/vaikuttamistyomme\\\/meidan-metsamme-kannanotto-27-10-2018\\\/#breadcrumb\"},\"inLanguage\":\"fi\",\"potentialAction\":[{\"@type\":\"ReadAction\",\"target\":[\"https:\\\/\\\/meidanmetsamme.org\\\/index.php\\\/etusivu\\\/vaikuttamistyomme\\\/meidan-metsamme-kannanotto-27-10-2018\\\/\"]}]},{\"@type\":\"ImageObject\",\"inLanguage\":\"fi\",\"@id\":\"https:\\\/\\\/meidanmetsamme.org\\\/index.php\\\/etusivu\\\/vaikuttamistyomme\\\/meidan-metsamme-kannanotto-27-10-2018\\\/#primaryimage\",\"url\":\"https:\\\/\\\/meidanmetsamme.org\\\/wp-content\\\/uploads\\\/2018\\\/11\\\/CZ9A9573.jpg\",\"contentUrl\":\"https:\\\/\\\/meidanmetsamme.org\\\/wp-content\\\/uploads\\\/2018\\\/11\\\/CZ9A9573.jpg\",\"width\":5760,\"height\":3840,\"caption\":\"Meid\u00e4n mets\u00e4mme tuomiokirkon kryptassa\"},{\"@type\":\"BreadcrumbList\",\"@id\":\"https:\\\/\\\/meidanmetsamme.org\\\/index.php\\\/etusivu\\\/vaikuttamistyomme\\\/meidan-metsamme-kannanotto-27-10-2018\\\/#breadcrumb\",\"itemListElement\":[{\"@type\":\"ListItem\",\"position\":1,\"name\":\"Home\",\"item\":\"https:\\\/\\\/meidanmetsamme.org\\\/\"},{\"@type\":\"ListItem\",\"position\":2,\"name\":\"Etusivu\",\"item\":\"https:\\\/\\\/meidanmetsamme.org\\\/\"},{\"@type\":\"ListItem\",\"position\":3,\"name\":\"Vaikuttamisty\u00f6mme\",\"item\":\"https:\\\/\\\/meidanmetsamme.org\\\/index.php\\\/etusivu\\\/vaikuttamistyomme\\\/\"},{\"@type\":\"ListItem\",\"position\":4,\"name\":\"Meid\u00e4n mets\u00e4mme -tilaisuus 27.10.2018\"}]},{\"@type\":\"WebSite\",\"@id\":\"https:\\\/\\\/meidanmetsamme.org\\\/#website\",\"url\":\"https:\\\/\\\/meidanmetsamme.org\\\/\",\"name\":\"MEID\u00c4N METS\u00c4MME \u2011kansalaisliike\",\"description\":\"Pidet\u00e4\u00e4n metsist\u00e4mme parempaa huolta\",\"publisher\":{\"@id\":\"https:\\\/\\\/meidanmetsamme.org\\\/#organization\"},\"potentialAction\":[{\"@type\":\"SearchAction\",\"target\":{\"@type\":\"EntryPoint\",\"urlTemplate\":\"https:\\\/\\\/meidanmetsamme.org\\\/?s={search_term_string}\"},\"query-input\":{\"@type\":\"PropertyValueSpecification\",\"valueRequired\":true,\"valueName\":\"search_term_string\"}}],\"inLanguage\":\"fi\"},{\"@type\":\"Organization\",\"@id\":\"https:\\\/\\\/meidanmetsamme.org\\\/#organization\",\"name\":\"MEID\u00c4N METS\u00c4MME \u2011kansalaisliike\",\"url\":\"https:\\\/\\\/meidanmetsamme.org\\\/\",\"logo\":{\"@type\":\"ImageObject\",\"inLanguage\":\"fi\",\"@id\":\"https:\\\/\\\/meidanmetsamme.org\\\/#\\\/schema\\\/logo\\\/image\\\/\",\"url\":\"https:\\\/\\\/meidanmetsamme.org\\\/wp-content\\\/uploads\\\/2019\\\/10\\\/cropped-meidanmetsamme-logo-ellipse-200px.png\",\"contentUrl\":\"https:\\\/\\\/meidanmetsamme.org\\\/wp-content\\\/uploads\\\/2019\\\/10\\\/cropped-meidanmetsamme-logo-ellipse-200px.png\",\"width\":200,\"height\":123,\"caption\":\"MEID\u00c4N METS\u00c4MME \u2011kansalaisliike\"},\"image\":{\"@id\":\"https:\\\/\\\/meidanmetsamme.org\\\/#\\\/schema\\\/logo\\\/image\\\/\"}}]}<\/script>\n<!-- \/ Yoast SEO plugin. -->","yoast_head_json":{"title":"Meid\u00e4n mets\u00e4mme -tilaisuus 27.10.2018 - MEID\u00c4N METS\u00c4MME \u2011kansalaisliike","robots":{"index":"index","follow":"follow","max-snippet":"max-snippet:-1","max-image-preview":"max-image-preview:large","max-video-preview":"max-video-preview:-1"},"canonical":"https:\/\/meidanmetsamme.org\/index.php\/etusivu\/vaikuttamistyomme\/meidan-metsamme-kannanotto-27-10-2018\/","og_locale":"fi_FI","og_type":"article","og_title":"Meid\u00e4n mets\u00e4mme -tilaisuus 27.10.2018 - MEID\u00c4N METS\u00c4MME \u2011kansalaisliike","og_description":"Ohjelmassa, joka rakentui henkil\u00f6kohtaisista tarinoista, taiteellisesta ilmaisusta sek\u00e4 tieteellisist\u00e4 puheenvuoroista, jaettiin mets\u00e4iloa sek\u00e4 mets\u00e4surua. Tutkijat, mets\u00e4nomistajat, yritt\u00e4j\u00e4t ja politiikot hautoivat ajatuksia siit\u00e4, kuinka mets\u00e4nhoitoa uudistetaan ekologisesti kest\u00e4v\u00e4mm\u00e4ksi. Kirjallinen kannanotto luovutettiin ymp\u00e4ristoministerin sek\u00e4 maa- ja mets\u00e4talousministerin edustajalle. Kannanotto viittaa ja liittyy sis\u00e4ll\u00f6llisesti WWF Suomen mets\u00e4visioon 2025, Suomen luonnonsuojeluliiton mets\u00e4tavoitteisiin 2018-2030, 24.3.2017 julkaistuun 68:n tutkijan julkilausumaan Suomen&hellip; Jatka lukemista Poimintoja teemoista","og_url":"https:\/\/meidanmetsamme.org\/index.php\/etusivu\/vaikuttamistyomme\/meidan-metsamme-kannanotto-27-10-2018\/","og_site_name":"MEID\u00c4N METS\u00c4MME \u2011kansalaisliike","article_modified_time":"2022-02-03T16:35:07+00:00","og_image":[{"width":1024,"height":683,"url":"https:\/\/meidanmetsamme.org\/wp-content\/uploads\/2018\/11\/CZ9A9573-1024x683.jpg","type":"image\/jpeg"}],"twitter_card":"summary_large_image","twitter_misc":{"Arvioitu lukuaika":"1 minuutti"},"schema":{"@context":"https:\/\/schema.org","@graph":[{"@type":"WebPage","@id":"https:\/\/meidanmetsamme.org\/index.php\/etusivu\/vaikuttamistyomme\/meidan-metsamme-kannanotto-27-10-2018\/","url":"https:\/\/meidanmetsamme.org\/index.php\/etusivu\/vaikuttamistyomme\/meidan-metsamme-kannanotto-27-10-2018\/","name":"Meid\u00e4n mets\u00e4mme -tilaisuus 27.10.2018 - MEID\u00c4N METS\u00c4MME \u2011kansalaisliike","isPartOf":{"@id":"https:\/\/meidanmetsamme.org\/#website"},"primaryImageOfPage":{"@id":"https:\/\/meidanmetsamme.org\/index.php\/etusivu\/vaikuttamistyomme\/meidan-metsamme-kannanotto-27-10-2018\/#primaryimage"},"image":{"@id":"https:\/\/meidanmetsamme.org\/index.php\/etusivu\/vaikuttamistyomme\/meidan-metsamme-kannanotto-27-10-2018\/#primaryimage"},"thumbnailUrl":"https:\/\/meidanmetsamme.org\/wp-content\/uploads\/2018\/11\/CZ9A9573-1024x683.jpg","datePublished":"2021-02-14T17:13:06+00:00","dateModified":"2022-02-03T16:35:07+00:00","breadcrumb":{"@id":"https:\/\/meidanmetsamme.org\/index.php\/etusivu\/vaikuttamistyomme\/meidan-metsamme-kannanotto-27-10-2018\/#breadcrumb"},"inLanguage":"fi","potentialAction":[{"@type":"ReadAction","target":["https:\/\/meidanmetsamme.org\/index.php\/etusivu\/vaikuttamistyomme\/meidan-metsamme-kannanotto-27-10-2018\/"]}]},{"@type":"ImageObject","inLanguage":"fi","@id":"https:\/\/meidanmetsamme.org\/index.php\/etusivu\/vaikuttamistyomme\/meidan-metsamme-kannanotto-27-10-2018\/#primaryimage","url":"https:\/\/meidanmetsamme.org\/wp-content\/uploads\/2018\/11\/CZ9A9573.jpg","contentUrl":"https:\/\/meidanmetsamme.org\/wp-content\/uploads\/2018\/11\/CZ9A9573.jpg","width":5760,"height":3840,"caption":"Meid\u00e4n mets\u00e4mme tuomiokirkon kryptassa"},{"@type":"BreadcrumbList","@id":"https:\/\/meidanmetsamme.org\/index.php\/etusivu\/vaikuttamistyomme\/meidan-metsamme-kannanotto-27-10-2018\/#breadcrumb","itemListElement":[{"@type":"ListItem","position":1,"name":"Home","item":"https:\/\/meidanmetsamme.org\/"},{"@type":"ListItem","position":2,"name":"Etusivu","item":"https:\/\/meidanmetsamme.org\/"},{"@type":"ListItem","position":3,"name":"Vaikuttamisty\u00f6mme","item":"https:\/\/meidanmetsamme.org\/index.php\/etusivu\/vaikuttamistyomme\/"},{"@type":"ListItem","position":4,"name":"Meid\u00e4n mets\u00e4mme -tilaisuus 27.10.2018"}]},{"@type":"WebSite","@id":"https:\/\/meidanmetsamme.org\/#website","url":"https:\/\/meidanmetsamme.org\/","name":"MEID\u00c4N METS\u00c4MME \u2011kansalaisliike","description":"Pidet\u00e4\u00e4n metsist\u00e4mme parempaa huolta","publisher":{"@id":"https:\/\/meidanmetsamme.org\/#organization"},"potentialAction":[{"@type":"SearchAction","target":{"@type":"EntryPoint","urlTemplate":"https:\/\/meidanmetsamme.org\/?s={search_term_string}"},"query-input":{"@type":"PropertyValueSpecification","valueRequired":true,"valueName":"search_term_string"}}],"inLanguage":"fi"},{"@type":"Organization","@id":"https:\/\/meidanmetsamme.org\/#organization","name":"MEID\u00c4N METS\u00c4MME \u2011kansalaisliike","url":"https:\/\/meidanmetsamme.org\/","logo":{"@type":"ImageObject","inLanguage":"fi","@id":"https:\/\/meidanmetsamme.org\/#\/schema\/logo\/image\/","url":"https:\/\/meidanmetsamme.org\/wp-content\/uploads\/2019\/10\/cropped-meidanmetsamme-logo-ellipse-200px.png","contentUrl":"https:\/\/meidanmetsamme.org\/wp-content\/uploads\/2019\/10\/cropped-meidanmetsamme-logo-ellipse-200px.png","width":200,"height":123,"caption":"MEID\u00c4N METS\u00c4MME \u2011kansalaisliike"},"image":{"@id":"https:\/\/meidanmetsamme.org\/#\/schema\/logo\/image\/"}}]}},"_links":{"self":[{"href":"https:\/\/meidanmetsamme.org\/index.php\/wp-json\/wp\/v2\/pages\/1106","targetHints":{"allow":["GET"]}}],"collection":[{"href":"https:\/\/meidanmetsamme.org\/index.php\/wp-json\/wp\/v2\/pages"}],"about":[{"href":"https:\/\/meidanmetsamme.org\/index.php\/wp-json\/wp\/v2\/types\/page"}],"author":[{"embeddable":true,"href":"https:\/\/meidanmetsamme.org\/index.php\/wp-json\/wp\/v2\/users\/4"}],"replies":[{"embeddable":true,"href":"https:\/\/meidanmetsamme.org\/index.php\/wp-json\/wp\/v2\/comments?post=1106"}],"version-history":[{"count":33,"href":"https:\/\/meidanmetsamme.org\/index.php\/wp-json\/wp\/v2\/pages\/1106\/revisions"}],"predecessor-version":[{"id":2116,"href":"https:\/\/meidanmetsamme.org\/index.php\/wp-json\/wp\/v2\/pages\/1106\/revisions\/2116"}],"up":[{"embeddable":true,"href":"https:\/\/meidanmetsamme.org\/index.php\/wp-json\/wp\/v2\/pages\/902"}],"wp:attachment":[{"href":"https:\/\/meidanmetsamme.org\/index.php\/wp-json\/wp\/v2\/media?parent=1106"}],"curies":[{"name":"wp","href":"https:\/\/api.w.org\/{rel}","templated":true}]}}