{"id":2117,"date":"2022-02-03T19:58:12","date_gmt":"2022-02-03T17:58:12","guid":{"rendered":"https:\/\/meidanmetsamme.org\/?page_id=2117"},"modified":"2025-05-17T16:31:24","modified_gmt":"2025-05-17T13:31:24","slug":"meidan-metsamme-kannanotto-3-2-2022","status":"publish","type":"page","link":"https:\/\/meidanmetsamme.org\/index.php\/keita-me-olemme\/meidan-metsamme-kannanotto-3-2-2022\/","title":{"rendered":"Kansalaisten kannanotto metsien puolesta, 15.05.2025"},"content":{"rendered":"\n<p><\/p>\n\n\n\n<figure class=\"wp-block-image size-large\"><img loading=\"lazy\" decoding=\"async\" width=\"1024\" height=\"768\" src=\"https:\/\/meidanmetsamme.org\/wp-content\/uploads\/2022\/02\/host_2018_014-1024x768.jpg\" alt=\"\" class=\"wp-image-2113\" srcset=\"https:\/\/meidanmetsamme.org\/wp-content\/uploads\/2022\/02\/host_2018_014-1024x768.jpg 1024w, https:\/\/meidanmetsamme.org\/wp-content\/uploads\/2022\/02\/host_2018_014-300x225.jpg 300w, https:\/\/meidanmetsamme.org\/wp-content\/uploads\/2022\/02\/host_2018_014-768x576.jpg 768w, https:\/\/meidanmetsamme.org\/wp-content\/uploads\/2022\/02\/host_2018_014-1536x1152.jpg 1536w, https:\/\/meidanmetsamme.org\/wp-content\/uploads\/2022\/02\/host_2018_014-1568x1176.jpg 1568w, https:\/\/meidanmetsamme.org\/wp-content\/uploads\/2022\/02\/host_2018_014.jpg 1632w\" sizes=\"auto, (max-width: 1024px) 100vw, 1024px\" \/><figcaption>Kuva: Paula L\u00f6nnemo<\/figcaption><\/figure>\n\n\n\n<p>Mets\u00e4 on miljoonien vuosien aikana kehittyneiden ja kesken\u00e4\u00e4n kytkeytyneiden eli\u00f6yhteis\u00f6jen verkosto. Se on ilman, veden, hapen ja viel\u00e4 pitk\u00e4lti tutkimattoman maaper\u00e4n monimuotoinen kudelma, joka uusintaa ja yll\u00e4pit\u00e4\u00e4 el\u00e4m\u00e4\u00e4. Mets\u00e4 on siis paljon muuta kuin puukuutioita ja selluloosaa. Suomessa monet kuitenkin n\u00e4kev\u00e4t mets\u00e4n yksipuolisesti puuntuotannollisen hy\u00f6tyn\u00e4k\u00f6kulman ja tulostavoitteiden kautta. Lyhytn\u00e4k\u00f6isen taloudellisen hy\u00f6dyntavoittelun sijaan mets\u00e4\u00e4 tulee tarkastella kokonaisvaltaisesti. Kukoistava ja monimuotoinen mets\u00e4luonto on my\u00f6s suomalaisten hyvinvoinnin kulmakivi. Kriisiytyv\u00e4ss\u00e4 ja ep\u00e4varmuuden t\u00e4ytt\u00e4m\u00e4ss\u00e4 maailmassa mets\u00e4 on suomalaisten henkireik\u00e4, suoja ja palautumisen paikka niin fyysisesti kuin henkisestikin.<\/p>\n\n\n\n<p>Kohtuus on t\u00e4rke\u00e4 hyve, joka on kulutuskulttuurin kiihtyess\u00e4 j\u00e4\u00e4nyt my\u00f6s Suomessa unohduksiin. Kulutuksen ja materiaalisen elintason jatkuvan kasvattamisen sijaan me kansalaiset korostamme planetaarista hyvinvointia, miss\u00e4 kaikilla on riitt\u00e4v\u00e4sti (<em>sufficiency<\/em>)<sup> 2<\/sup> eik\u00e4 kenell\u00e4k\u00e4\u00e4n liikaa. Monet kest\u00e4vyystutkijat pit\u00e4v\u00e4t talouskasvupakkoa keskeisimp\u00e4n\u00e4 esteen\u00e4 kest\u00e4vyydelle.<sup>3 <\/sup>Jatkuvan talouskasvun tavoittelun sijaan meid\u00e4n on l\u00f6ydett\u00e4v\u00e4 uusia tapoja olla, tiet\u00e4\u00e4 ja ajatella sit\u00e4, mit\u00e4 talous, hyvinvointi ja mets\u00e4 ovat talouskasvun j\u00e4lkeen. <\/p>\n\n\n\n<p>On kohtuutonta, ett\u00e4 etenkin vanhoja, monimuotoisia ja luonnontilaisia mets\u00e4alueita, joita on Suomessa j\u00e4ljell\u00e4 en\u00e4\u00e4 v\u00e4h\u00e4n, uhkaa mets\u00e4teollisuuden kasvuun ja voittoihin liittyv\u00e4t pyrkimykset. Mets\u00e4luonnon elpymisen tulee alkaa meid\u00e4n kaikkien yhteisist\u00e4, valtion ja kuntien metsist\u00e4. On korkea aika katsoa mets\u00e4\u00e4 uusin silmin, jotta voimme yhdess\u00e4 toipua ja voida paremmin.<\/p>\n\n\n\n<p><strong>Vaatimuksemme suomalaisen mets\u00e4luonnon pelastamiseksi:<\/strong><\/p>\n\n\n\n<ol class=\"wp-block-list\"><li>Luontolaki s\u00e4\u00e4dett\u00e4v\u00e4 ja luontovaltuutetun virka perustettava koordinoimaan eri tahojen yhteisty\u00f6t\u00e4<\/li><li>Periaatep\u00e4\u00e4t\u00f6s kaikkien valtion mailla sijaitsevien vanhojen, luonnontilaisten ja l\u00e4hes luonnontilaisten metsien suojelusta<\/li><li>V\u00e4hint\u00e4\u00e4n 30 % suojelu saavutettava Suomessa kattavasti<\/li><li>Mets\u00e4luontotyyppien ennallistamisesta huolehdittava EU:n ennallistamisasetuksen mukaisesti<\/li><li>Hakkuutasot on palautettava kest\u00e4v\u00e4lle tasolle ja mets\u00e4t hiilinieluiksi; ymp\u00e4rist\u00f6- ja ilmastopolitiikkaan kiireellisi\u00e4 p\u00e4\u00e4t\u00f6ksi\u00e4<\/li><\/ol>\n\n\n\n<p>N\u00e4iden tulee olla laissa velvoittavia, koska vapaaehtoisuus ei ole t\u00e4h\u00e4n menness\u00e4 toiminut.<\/p>\n\n\n\n<p><strong> 1. Luontolaki ja luontovaltuutetun virka perustettava koordinoimaan yhteisty\u00f6t\u00e4<\/strong><\/p>\n\n\n\n<p>Tarvitsemme ilmastolain kaltaisen luontolain, jossa s\u00e4\u00e4det\u00e4\u00e4n tavoitteet ja puitteet Suomen luontopolitiikan suunnittelulle ja sen toteutumisen seurannalle.<sup>4<\/sup> Luontolain puitteissa yhteiskunnan ja talousj\u00e4rjestelm\u00e4n luontovaikutuksia ohjataan systemaattisesti ja kokonaisvaltaisesti. Luonnon tilaa koskevan tutkimus- ja seurantatiedon on ohjattava lakiin perustuvaa p\u00e4\u00e4t\u00f6ksentekoa.<sup>5<\/sup><\/p>\n\n\n\n<p>Luontovaltuutetun virka on perustettava koordinoimaan yhteisty\u00f6t\u00e4 eri ministeri\u00f6iden ja tahojen v\u00e4lill\u00e4.<sup>6<\/sup><\/p>\n\n\n\n<p><strong>2.<\/strong> <strong><strong>Periaatep\u00e4\u00e4t\u00f6s kaikkien valtion mailla sijaitsevien vanhojen, luonnontilaisten ja l\u00e4hes luonnontilaisten metsien suojelusta<\/strong><\/strong><\/p>\n\n\n\n<p>Luonnontilaisten ja l\u00e4hes luonnontilaisten metsien sek\u00e4 vanhojen metsien suojelu on yksi kiireisimmist\u00e4 toimista uhanalaisen mets\u00e4lajiston heikkenemisen pys\u00e4ytt\u00e4miseksi niin koko EU:ssa kuin j\u00e4senvaltioissa.<sup>7<\/sup> Euroopan Komission kriteerity\u00f6ryhm\u00e4n maaliskuussa 2023 linjaaman varovaisuusperiaatteen<sup>8<\/sup> mukaisesti on kiireellist\u00e4 turvata hakkuilta kaikki ne luonnonmets\u00e4t, joiden luontoarvot ovat jo olemassa olevan kriteerist\u00f6n ja Luonnonmets\u00e4-ty\u00f6ryhm\u00e4n ja Luonnonmets\u00e4t S\u00e1pmi -ty\u00f6ryhm\u00e4n kartoitusty\u00f6n nojalla tiedossa.<sup>9<\/sup> Lis\u00e4ksi on huomioitava ja suojeltava Mets\u00e4hallituksen alue-ekologisen verkoston kohteet (erityisesti aarnialueet).<\/p>\n\n\n\n<p>My\u00f6s vanhojen ja luonnontilaisten metsien puskurivy\u00f6hykkeiden turvaamista on edistett\u00e4v\u00e4. Erityisesti etel\u00e4isess\u00e4 Suomessa my\u00f6s potentiaaliset kohteet, kuten vanhat talousk\u00e4yt\u00f6n heikent\u00e4m\u00e4t mets\u00e4t, tarvitsevat suojelua, sill\u00e4 vanhoja ja luonnontilaisia metsi\u00e4 on siell\u00e4 j\u00e4ljell\u00e4 en\u00e4\u00e4 hyvin v\u00e4h\u00e4n. Saamelaisalueilla tarvitaan viipym\u00e4tt\u00e4 omat prosessinsa, jossa suojelurajauksia ja -p\u00e4\u00e4t\u00f6ksi\u00e4 tarkastellaan alueen eri k\u00e4ytt\u00f6tarpeet ja saamelaisten maank\u00e4ytt\u00f6oikeudet huomioiden, FPIC-periaatetta noudattaen.<\/p>\n\n\n\n<p>HUOM! Kansalliset kriteerit eiv\u00e4t saa vesitt\u00e4\u00e4 Euroopan komission ohjeistamaa arvokkaan mets\u00e4luonnon suojelemista.<\/p>\n\n\n\n<p>HUOM! Kansalliset kriteerit eiv\u00e4t saa vesitt\u00e4\u00e4 Euroopan komission ohjeistamaa arvokkaan mets\u00e4luonnon suojelemista.<\/p>\n\n\n\n<p><strong>3<\/strong>. <strong>V\u00e4hint\u00e4\u00e4n 30 % suojelu saavutettava Suomessa kattavasti<\/strong><\/p>\n\n\n\n<p>Suomi on sitoutunut saavuttamaan EU:n biodiversiteettistrategian<sup>10<\/sup> sek\u00e4 YK:n luontokokouksessa vuonna 2022 sovitut Kunmingin-Montrealin luontotavoitteet<sup>11<\/sup> vuoteen 2030 menness\u00e4. Molemmissa dokumenteissa on linjattu, ett\u00e4 v\u00e4hint\u00e4\u00e4n 30 % maa-alueista ja 30 % merialueista pit\u00e4\u00e4 asettaa tehokkaaseen suojeluun. Lis\u00e4ksi tiukan suojelun piiriss\u00e4 on v\u00e4hint\u00e4\u00e4n kolmasosa unionin suojelualueista, mukaan lukien kaikki j\u00e4ljell\u00e4 olevat vanhat ja luonnontilaiset mets\u00e4t.<\/p>\n\n\n\n<p>Valmisteilla oleva kansallinen luonnon monimuotoisuusstrategia ei saa j\u00e4\u00e4d\u00e4 tavoitteiden tasolle, vaan sen on johdettava toimenpiteisiin: tavoitteiden saavuttaminen on varmistettava konkreettisilla teoilla ja niiden vaikutuksia seuraamalla. Suojelualueet ovat tarkoitettu arvokkaiden ekosysteemien, eli\u00f6lajien ja niille t\u00e4rkeiden elinymp\u00e4rist\u00f6jen turvaamiseksi eik\u00e4 kriittisten raaka-aineiden louhimiseen tai energian tuotantoon.<\/p>\n\n\n\n<p><strong>4. <strong>Mets\u00e4luontotyyppien ennallistamisesta huolehdittava EU:n ennallistamisasetuksen mukaisesti<\/strong><\/strong><\/p>\n\n\n\n<p>Mets\u00e4luonto k\u00f6yhtyy monimuotoisuudeltaan my\u00f6s Suomessa. EU:n ennallistamisasetuksen mukaan on muun muassa huolehdittava riitt\u00e4v\u00e4st\u00e4 lahopuun m\u00e4\u00e4r\u00e4st\u00e4, yhten\u00e4isten mets\u00e4alueiden riitt\u00e4v\u00e4st\u00e4 m\u00e4\u00e4r\u00e4st\u00e4, lintulajiston monimuotoisuudesta ja lajim\u00e4\u00e4rist\u00e4 sek\u00e4 metsien hiilensidonnasta.<sup>12<\/sup><\/p>\n\n\n\n<p>Ennallistamisasetuksen mukaisesti tavoitteena tulee my\u00f6s Suomessa olla mets\u00e4luonnon monimuotoisuuden lis\u00e4\u00e4minen sek\u00e4 luonnonkiertojen ja -prosessien, kuten veden ja ilman puhdistamisen, p\u00f6lytyksen ja tulvien ehk\u00e4isyn, tukeminen. Lis\u00e4ksi on tuettava ja reilusti lis\u00e4tt\u00e4v\u00e4 metsien hiilensidontaa ilmastonmuutoksen hillitsemiseksi.<\/p>\n\n\n\n<p>Ennallistamisasetus on t\u00e4rke\u00e4 askel kansainv\u00e4listen sopimusten ja luonnonsuojelutavoitteiden saavuttamiseksi, mihin Suomen valtion ja my\u00f6s mets\u00e4teollisuuden tulee sitoutua tiukasti.<\/p>\n\n\n\n<p><strong>5<\/strong>. <strong><strong>Hakkuutasot on palautettava kest\u00e4v\u00e4lle tasolle ja mets\u00e4t j\u00e4lleen hiilinieluiksi &#8211; ymp\u00e4rist\u00f6- ja ilmastopolitiikkaan kiireellisi\u00e4 p\u00e4\u00e4t\u00f6ksi\u00e4<\/strong><\/strong><\/p>\n\n\n\n<p>Hakkuiden kokonaism\u00e4\u00e4r\u00e4n v\u00e4hent\u00e4misell\u00e4 on v\u00e4litt\u00f6mi\u00e4 ilmastohy\u00f6tyj\u00e4. Hakkuum\u00e4\u00e4ri\u00e4 v\u00e4hent\u00e4m\u00e4ll\u00e4 palautetaan my\u00f6s Suomen mets\u00e4t j\u00e4lleen hiilinieluiksi. Suomen mets\u00e4t ovat k\u00e4\u00e4ntyneet p\u00e4\u00e4st\u00f6l\u00e4hteeksi, koska puuston nielut eiv\u00e4t en\u00e4\u00e4 riit\u00e4 kattamaan metsien maaper\u00e4n p\u00e4\u00e4st\u00f6j\u00e4.<sup>13<\/sup><\/p>\n\n\n\n<p>Lis\u00e4ksi ilmasto- ja luontotavoitteiden saavuttamiseksi tarvitaan uusia ohjauskeinoja.<sup>14<\/sup> Mets\u00e4n kiertoajan pidennys, hiilikorvaus, maank\u00e4yt\u00f6n muutosmaksu<sup>15<\/sup> sek\u00e4 puurakentamiseen kannustaminen muodostavat yhdess\u00e4 lupaavan ohjauskeinokokonaisuuden, jolla voitaisiin edist\u00e4\u00e4 mets\u00e4sektorin ilmastonmuutoksen hillint\u00e4tavoitteita kustannustehokkaasti ja keskeiset hiilivarastot huomioiden.<sup>16<\/sup><\/p>\n\n\n\n<p>Ilmasto- ja luontokysymykset on ratkaistava yhten\u00e4 kokonaisuutena. Ilmaston l\u00e4mpenemisen hillint\u00e4 ei saa kiihdytt\u00e4\u00e4 luontokatoa. Merkitt\u00e4v\u00e4\u00e4 lis\u00e4rahoitusta tarvitaan Metso-, Helmi- ja Nousu-ohjelmiin. Suomessa on edelleen k\u00e4yt\u00f6ss\u00e4 runsaasti ymp\u00e4rist\u00f6lle haitallisia tukia, jotka hidastavat kest\u00e4vyyssiirtym\u00e4\u00e4. N\u00e4ist\u00e4 olisi syyt\u00e4 luopua. Esimerkiksi mets\u00e4taloutta tuetaan, vaikka puulle on olemassa toimivat markkinat, joilla toimii maksukykyisi\u00e4 ostajia.<sup>17<\/sup><\/p>\n\n\n\n<p>Esimerkkej\u00e4 muista merkitt\u00e4vist\u00e4 ohjauskeinoista luontokadon, vesist\u00f6jen ja ilmastoty\u00f6n kannalta ovat: yleinen metsien k\u00e4yt\u00f6n suunnitteluj\u00e4rjestelm\u00e4 joka yhdist\u00e4\u00e4 ymp\u00e4rist\u00f6- ja luonnonvarahallintoa ja alueidenk\u00e4yt\u00f6n suunnitteluj\u00e4rjestelm\u00e4\u00e4; valtion metsien tuottotavoitteen pienent\u00e4minen; valtion vanhojen ja luonnonmetsien suojelu tieteellisin perustein; kest\u00e4vien alueellisten hakkuukiinti\u00f6iden vieminen lakiin; lintujen pesim\u00e4aikainen hakkuukielto; purojen pelastusohjelma; uudisojituksen kielt\u00e4minen ja kunnostusojitus luvanvaraiseksi saattaminen; voimakkaiden harvennusten s\u00e4\u00e4ntely; mets\u00e4lain 10 \u00a7:n erityisen arvokkaat elinymp\u00e4rist\u00f6t luonnonsuojelulakiin; uudistushakkuiden l\u00e4pimitta- sek\u00e4 ik\u00e4rajojen palautus.<\/p>\n\n\n\n<p><strong>Toukokuussa 2025<\/strong><\/p>\n\n\n\n<p><em>Meid\u00e4n mets\u00e4mme -ty\u00f6ryhm\u00e4<\/em><\/p>\n\n\n\n<p>info (at) meidanmetsamme.org<\/p>\n\n\n\n<p>Toni Ruuska, 050 4365065<\/p>\n\n\n\n<p><a href=\"https:\/\/www.facebook.com\/mmetsamme\" target=\"_blank\" rel=\"noreferrer noopener\">https:\/\/www.facebook.com\/mmetsamme<\/a><\/p>\n\n\n\n<p><a rel=\"noreferrer noopener\" href=\"https:\/\/www.instagram.com\/mmetsamme\" target=\"_blank\">https:\/\/www.instagram.com\/mmetsamme<\/a><\/p>\n\n\n\n<p>#meid\u00e4nmets\u00e4mme<\/p>\n\n\n\n<p><\/p>\n\n\n\n<p><strong><em>Viitteet<\/em><\/strong><\/p>\n\n\n\n<p>1 Meid\u00e4n mets\u00e4mme -kansalaisliike sai alkunsa suuresta kansalaisten mets\u00e4gaalasta 28.10.2018, jossa toimme esiin ihmisten syv\u00e4n ilon Suomen mets\u00e4luonnosta sek\u00e4 vakavan huolen siit\u00e4, miten metsiemme monimuotoisuus h\u00e4lytt\u00e4vist\u00e4 raporteista huolimatta k\u00f6yhtyy ja ilmastonmuutos etenee. <\/p>\n\n\n\n<p>2 <a href=\"https:\/\/reliefweb.int\/report\/world\/climate-change-2022-mitigation-climate-change-summary-policymakers?gad_source=1&amp;gclid=Cj0KCQjw8pKxBhD_ARIsAPrG45nYkRco-Xl9FTzTcpzf2uff63QJRVTJ02lTF8Rgib1MFIwL5qX3cc4aAsLHEALw_wcB\" target=\"_blank\" rel=\"noreferrer noopener\">Climate Change 2022, Mitigation of Climate Change. Summary for Policymakers<\/a><br>3 Esim. Heikkurinen ja Ruuska, Kest\u00e4v\u00e4n el\u00e4m\u00e4n manifesti (2022); Ks. my\u00f6s Majava s. 398, teoksessa Ymp\u00e4rist\u00f6mytologia (2021), sek\u00e4 <a href=\"https:\/\/journal.fi\/sla\/article\/view\/83056\">Sosiaalil\u00e4\u00e4ketieteellinen aikakauslehti: Kansanterveystieteen ekologinen k\u00e4\u00e4nne \u2013 Kohti ekososiaalista terve<\/a><a href=\"https:\/\/journal.fi\/sla\/article\/view\/83056\" target=\"_blank\" rel=\"noreferrer noopener\">ysparadigmaa<\/a><\/p>\n\n\n\n<p>4 <a href=\"https:\/\/www.uef.fi\/fi\/artikkeli\/selvitys-uusi-luontolaki-vahvistaisi-luonnon-monimuotoisuuden-turvaa\">Selvitys: Uusi luontolaki vahvistaisi luonnon monimuotoisuuden turvaa | It\u00e4-Suomen yliopisto<\/a><br>5 JYX \u2013 <a href=\"https:\/\/jyx.jyu.fi\/handle\/123456789\/85769\" target=\"_blank\" rel=\"noreferrer noopener\">T\u00e4sm\u00e4ratkaisuja kest\u00e4v\u00e4\u00e4n tulevaisuuteen : suosituksia planetaarisen hyvinvoinnin tukemiseen poliittisessa ohjelmaty\u00f6ss\u00e4<\/a><br>6 <a href=\"https:\/\/wwf.fi\/tiedotteet\/2024\/04\/ymparistojarjestot-huolissaan-vanhojen-metsien-suojelusta\/\" target=\"_blank\" rel=\"noreferrer noopener\">Ymp\u00e4rist\u00f6j\u00e4rjest\u00f6t huolissaan vanhojen metsien suojelusta \u2013 WWF Suomi<\/a><br>7 <a href=\"https:\/\/helda.helsinki.fi\/items\/0dab79c5-dc5d-43d4-9a0f-b59a96c52589\">Luonnontilaiset mets\u00e4t ja vanhat <\/a><a href=\"https:\/\/helda.helsinki.fi\/items\/0dab79c5-dc5d-43d4-9a0f-b59a96c52589\" target=\"_blank\" rel=\"noreferrer noopener\">mets\u00e4t<\/a><a href=\"https:\/\/helda.helsinki.fi\/items\/0dab79c5-dc5d-43d4-9a0f-b59a96c52589\"> Suomessa: Euroopan komission ohjeet ja kansallinen tarkastelu<\/a><br>8 <a href=\"https:\/\/environment.ec.europa.eu\/publications\/guidelines-defining-mapping-monitoring-and-strictly-protecting-eu-primary-and-old-growth-forests_en\">Guidelines for Defining, Mapping, Monitoring and Strictly Protecting EU Primary and Old-Growth Forests \u2013 European Commis<\/a><a href=\"https:\/\/environment.ec.europa.eu\/publications\/guidelines-defining-mapping-monitoring-and-strictly-protecting-eu-primary-and-old-growth-forests_en\" target=\"_blank\" rel=\"noreferrer noopener\">sion<\/a><br>9 <a href=\"https:\/\/www.sll.fi\/app\/uploads\/2020\/12\/7a393b43-metsa%CC%88kartoitusraportti2020.pdf\" target=\"_blank\" rel=\"noreferrer noopener\">Valtion suojelemattomat arvomets\u00e4t \u2013raportti<\/a><br><a href=\"https:\/\/www.sll.fi\/app\/uploads\/2022\/03\/1f4c4435-luonnonmetsa_raportti_2022.pdf\" target=\"_blank\" rel=\"noreferrer noopener\">Valtion suojelemattomat arvomets\u00e4t, osa II \u2013 raportti<\/a><br><a href=\"https:\/\/wwf.fi\/app\/uploads\/b\/d\/m\/zh6yp3s9k26s592s030fgd\/ltyoryhma_2023_raportti_iii_s1-137.pdf\" target=\"_blank\" rel=\"noreferrer noopener\">Valtion suojelemattomat arvomets\u00e4t, osa III -raportti<\/a><br><a href=\"https:\/\/koneensaatio.fi\/wp-content\/uploads\/2023\/09\/Sapmin-luonnonmetsien-kartoitus-2023-09-05.pdf\" target=\"_blank\" rel=\"noreferrer noopener\">S\u00e1pmin luonnonmetsien kartoitus<\/a><br>10<a href=\"https:\/\/op.europa.eu\/en\/publication-detail\/-\/publication\/31e4609f-b91e-11eb-8aca-01aa75ed71a1\/language-en\" target=\"_blank\" rel=\"noreferrer noopener\"> European Commission, Directorate-General for Environment, EU biodiversity strategy for 2030 \u2013 Bringing nature back into our lives, Publications Office of the European Union, 2021<\/a><br>11 <a href=\"https:\/\/drive.google.com\/file\/d\/1Rp0fAr8vUm0NjUsVjCRekl2A24LKffvf\/view\" target=\"_blank\" rel=\"noreferrer noopener\">Avoin kirje Suomen hallitukselle ennallistamisasetuksen puolesta \u00e4\u00e4nest\u00e4miseksi<\/a><br>12 <a href=\"https:\/\/environment.ec.europa.eu\/topics\/nature-and-biodiversity\/nature-restoration-regulation_en?prefLang=fi&amp;etrans=fi\">https:\/\/environment.ec.europa.eu\/topics\/nature-and-biodiversity\/nature-restoration-regulation_en?prefLang=fi&amp;etrans=fi<\/a><\/p>\n\n\n\n<p>13 <a href=\"https:\/\/www.luke.fi\/fi\/uutiset\/kasvihuonekaasuinventaarion-ennakkotiedot-2023-metsat-ovat-kaantyneet-paastolahteeksi-koska-puuston-nielu-ei-enaa-riita-kattamaan-metsien-maaperan-paastoja\">https:\/\/www.luke.fi\/fi\/uutiset\/kasvihuonekaasuinventaarion-ennakkotiedot-2023-metsat-ovat-kaantyneet-paastolahteeksi-koska-puuston-nielu-ei-enaa-riita-kattamaan-metsien-maaperan-paastoja<\/a><\/p>\n\n\n\n<p>14 <a rel=\"noreferrer noopener\" href=\"https:\/\/helda.helsinki.fi\/server\/api\/core\/bitstreams\/d2d9d79b-bc6c-489a-9d9c-54cc88faf104\/content\" target=\"_blank\">Mets\u00e4nielujen kehityssuunnat vuosina 2021\u20132025 ja suhde EU-velvoitteisiin sek\u00e4 ohjauskeinot nielujen vahvistamiseksi<\/a><br>15 <a rel=\"noreferrer noopener\" href=\"https:\/\/julkaisut.valtioneuvosto.fi\/handle\/10024\/165366\" target=\"_blank\">Maank\u00e4yt\u00f6n muutosmaksua valmistelleen ty\u00f6ryhm\u00e4n loppuraportti<\/a><br>16 <a rel=\"noreferrer noopener\" href=\"https:\/\/jukuri.luke.fi\/handle\/10024\/554179\" target=\"_blank\">Politiikkasuositus: Suomen ilmastotavoitteita ei saavuteta ilman vaikuttavia mets\u00e4sektorin ohjauskeinoja \u2013 Jukuri<\/a><br>17 <a rel=\"noreferrer noopener\" href=\"https:\/\/jukuri.luke.fi\/handle\/10024\/554751\" target=\"_blank\">Politiikkasuositus: Mets\u00e4talouden vesist\u00f6- ja ilmastop\u00e4\u00e4st\u00f6j\u00e4 voidaan hillit\u00e4 v\u00e4ltt\u00e4m\u00e4ll\u00e4 avohakkuita ja niihin liittyvi\u00e4 ojitustoimia \u2013 Jukuri<\/a><\/p>\n\n\n\n<p><strong><em>Sanasto<\/em><\/strong><\/p>\n\n\n\n<p><strong>Biodiversiteetti<\/strong> tarkoittaa el\u00e4m\u00e4n monimuotoisuutta kaikissa muodoissaan planeetallamme. Se kattaa lajien m\u00e4\u00e4r\u00e4n, niiden geneettisen variaation moninaisuuden sek\u00e4 eri el\u00e4m\u00e4n muotojen vuorovaikutuksen monimutkaisissa ekosysteemeiss\u00e4. K\u00e4ytet\u00e4\u00e4n my\u00f6s ilmaisuja; luonnon monimuotoisuus, elonkirjo, luonnonkirjo, joilla on sama merkitys<\/p>\n\n\n\n<p><strong>Hiilikorvaus<\/strong> on valtion mets\u00e4nomistajalle maksama rahallinen korvaus hiilivaraston kokoon perustuen<\/p>\n\n\n\n<p><strong>Kohtuus<\/strong> tarkoittaa asioiden riitt\u00e4vyytt\u00e4 eli toimenpiteit\u00e4 ja p\u00e4ivitt\u00e4isi\u00e4 toimintatapoja, joilla v\u00e4ltet\u00e4\u00e4n energian, materiaalien, maan ja veden liikak\u00e4ytt\u00f6\u00e4 ja edistet\u00e4\u00e4n samalla ihmisten hyvinvointia planeetan rajoissa<\/p>\n\n\n\n<p><strong>Luontokato<\/strong> on ihmisen toimista johtuva luonnon monimuotoisuuden nopea v\u00e4heneminen.<\/p>\n\n\n\n<p><strong>Maank\u00e4ytt\u00f6<\/strong> maanpeitett\u00e4 (ekosysteemej\u00e4) muuttava k\u00e4ytt\u00f6. Luonnon monimuotoisuuden yhteydess\u00e4 maank\u00e4yt\u00f6ll\u00e4 tarkoitetaan my\u00f6s luonnonvarojen k\u00e4ytt\u00f6\u00e4 silt\u00e4 osin, kun se muuttaa maanpeitett\u00e4 (esimerkiksi metsien hakkuu, soiden ojitus tai ennallistaminen)<\/p>\n\n\n\n<p><strong>Maank\u00e4yt\u00f6nmuutosmaksu<\/strong> (mets\u00e4katomaksu) on s\u00e4\u00e4ntelyyn pohjautuva korvaus, joka maksetaan mets\u00e4n pysyv\u00e4st\u00e4 h\u00e4vitt\u00e4misest\u00e4 ja mets\u00e4alan muuttamisesta toiseen k\u00e4ytt\u00f6\u00f6n, kuten pelloksi tai rakennetuksi maaksi. Maank\u00e4yt\u00f6n muutosmaksua tarvitaan erityisesti v\u00e4hent\u00e4m\u00e4\u00e4n suometsien raivauksesta aiheutuvia p\u00e4\u00e4st\u00f6j\u00e4<\/p>\n\n\n\n<p><strong>Planetaarinen terveys ja hyvinvointi<\/strong> Ihmisen ja muun luonnon terveys ja hyvinvointi ovat riippuvaisia toisistaan<\/p>\n\n\n\n<p>&#8230;&#8230;&#8230;&#8230;&#8230;&#8230;&#8230;&#8230;&#8230;&#8230;&#8230;&#8230;&#8230;&#8230;&#8230;&#8230;<\/p>\n\n\n\n<p><strong>Kannanotot tiedostoina<\/strong><\/p>\n\n\n\n<div class=\"wp-block-group\"><div class=\"wp-block-group__inner-container is-layout-flow wp-block-group-is-layout-flow\">\n<ul class=\"wp-block-list\"><li><a href=\"https:\/\/meidanmetsamme.org\/wp-content\/uploads\/2025\/05\/Kansalaisten-kannanotto-metsien-puolesta-150525.pdf\" data-type=\"URL\" data-id=\"https:\/\/meidanmetsamme.org\/wp-content\/uploads\/2025\/05\/Kansalaisten-kannanotto-metsien-puolesta-150525.pdf\">Kansalaisten kannanotto metsien puolesta, p\u00e4ivitetty 15.5.2025 &#8211; pdf-tiedosto<\/a><\/li><li><a href=\"https:\/\/meidanmetsamme.org\/wp-content\/uploads\/2024\/04\/Kannanotto-2024.pdf\">Kansalaisten kannanotto metsien puolesta, p\u00e4ivitetty 18.4.2024<\/a> &#8211; pdf-tiedosto<\/li><li><a rel=\"noreferrer noopener\" href=\"https:\/\/meidanmetsamme.org\/wp-content\/uploads\/2022\/02\/MM_kannanotto_3_02_2022.docx\" target=\"_blank\">Meid\u00e4n mets\u00e4mme -kannanotto, p\u00e4ivitetty 3.2.2022<\/a> &#8211; word-tiedosto<\/li><li><a rel=\"noreferrer noopener\" href=\"https:\/\/meidanmetsamme.org\/wp-content\/uploads\/2019\/11\/meidan-metsamme-kannanotto-2019.pdf\" data-type=\"URL\" target=\"_blank\">Meid\u00e4n mets\u00e4mme -kannanotto, p\u00e4ivitetty 29.11.2019<\/a> &#8211; pdf-tiedosto<\/li><li><a rel=\"noreferrer noopener\" href=\"https:\/\/meidanmetsamme.org\/wp-content\/uploads\/2018\/06\/meidan-metsamme-kannanotto-2018.pdf\" target=\"_blank\">Meid\u00e4n mets\u00e4mme &#8211; kannanotto, alkuper\u00e4inen, 27.10.2018<\/a> &#8211; pdf-tiedosto<\/li><\/ul>\n<\/div><\/div>\n","protected":false},"excerpt":{"rendered":"<p>Mets\u00e4 on miljoonien vuosien aikana kehittyneiden ja kesken\u00e4\u00e4n kytkeytyneiden eli\u00f6yhteis\u00f6jen verkosto. Se on ilman, veden, hapen ja viel\u00e4 pitk\u00e4lti tutkimattoman maaper\u00e4n monimuotoinen kudelma, joka uusintaa ja yll\u00e4pit\u00e4\u00e4 el\u00e4m\u00e4\u00e4. Mets\u00e4 on siis paljon muuta kuin puukuutioita ja selluloosaa. Suomessa monet kuitenkin n\u00e4kev\u00e4t mets\u00e4n yksipuolisesti puuntuotannollisen hy\u00f6tyn\u00e4k\u00f6kulman ja tulostavoitteiden kautta. Lyhytn\u00e4k\u00f6isen taloudellisen hy\u00f6dyntavoittelun sijaan mets\u00e4\u00e4 tulee tarkastella&hellip; <a class=\"more-link\" href=\"https:\/\/meidanmetsamme.org\/index.php\/keita-me-olemme\/meidan-metsamme-kannanotto-3-2-2022\/\">Jatka lukemista <span class=\"screen-reader-text\">Kansalaisten kannanotto metsien puolesta, 15.05.2025<\/span><\/a><\/p>\n","protected":false},"author":4,"featured_media":0,"parent":1710,"menu_order":0,"comment_status":"closed","ping_status":"closed","template":"","meta":{"footnotes":""},"class_list":["post-2117","page","type-page","status-publish","hentry","entry"],"yoast_head":"<!-- This site is optimized with the Yoast SEO plugin v27.4 - https:\/\/yoast.com\/product\/yoast-seo-wordpress\/ -->\n<title>Kansalaisten kannanotto metsien puolesta, 15.05.2025 - MEID\u00c4N METS\u00c4MME \u2011kansalaisliike<\/title>\n<meta name=\"robots\" content=\"index, follow, max-snippet:-1, max-image-preview:large, max-video-preview:-1\" \/>\n<link rel=\"canonical\" href=\"https:\/\/meidanmetsamme.org\/index.php\/keita-me-olemme\/meidan-metsamme-kannanotto-3-2-2022\/\" \/>\n<meta property=\"og:locale\" content=\"fi_FI\" \/>\n<meta property=\"og:type\" content=\"article\" \/>\n<meta property=\"og:title\" content=\"Kansalaisten kannanotto metsien puolesta, 15.05.2025 - MEID\u00c4N METS\u00c4MME \u2011kansalaisliike\" \/>\n<meta property=\"og:description\" content=\"Mets\u00e4 on miljoonien vuosien aikana kehittyneiden ja kesken\u00e4\u00e4n kytkeytyneiden eli\u00f6yhteis\u00f6jen verkosto. Se on ilman, veden, hapen ja viel\u00e4 pitk\u00e4lti tutkimattoman maaper\u00e4n monimuotoinen kudelma, joka uusintaa ja yll\u00e4pit\u00e4\u00e4 el\u00e4m\u00e4\u00e4. Mets\u00e4 on siis paljon muuta kuin puukuutioita ja selluloosaa. Suomessa monet kuitenkin n\u00e4kev\u00e4t mets\u00e4n yksipuolisesti puuntuotannollisen hy\u00f6tyn\u00e4k\u00f6kulman ja tulostavoitteiden kautta. Lyhytn\u00e4k\u00f6isen taloudellisen hy\u00f6dyntavoittelun sijaan mets\u00e4\u00e4 tulee tarkastella&hellip; Jatka lukemista Kansalaisten kannanotto metsien puolesta, 15.05.2025\" \/>\n<meta property=\"og:url\" content=\"https:\/\/meidanmetsamme.org\/index.php\/keita-me-olemme\/meidan-metsamme-kannanotto-3-2-2022\/\" \/>\n<meta property=\"og:site_name\" content=\"MEID\u00c4N METS\u00c4MME \u2011kansalaisliike\" \/>\n<meta property=\"article:modified_time\" content=\"2025-05-17T13:31:24+00:00\" \/>\n<meta property=\"og:image\" content=\"https:\/\/meidanmetsamme.org\/wp-content\/uploads\/2022\/02\/host_2018_014.jpg\" \/>\n\t<meta property=\"og:image:width\" content=\"1632\" \/>\n\t<meta property=\"og:image:height\" content=\"1224\" \/>\n\t<meta property=\"og:image:type\" content=\"image\/jpeg\" \/>\n<meta name=\"twitter:card\" content=\"summary_large_image\" \/>\n<meta name=\"twitter:label1\" content=\"Arvioitu lukuaika\" \/>\n\t<meta name=\"twitter:data1\" content=\"8 minuuttia\" \/>\n<script type=\"application\/ld+json\" class=\"yoast-schema-graph\">{\"@context\":\"https:\\\/\\\/schema.org\",\"@graph\":[{\"@type\":\"WebPage\",\"@id\":\"https:\\\/\\\/meidanmetsamme.org\\\/index.php\\\/keita-me-olemme\\\/meidan-metsamme-kannanotto-3-2-2022\\\/\",\"url\":\"https:\\\/\\\/meidanmetsamme.org\\\/index.php\\\/keita-me-olemme\\\/meidan-metsamme-kannanotto-3-2-2022\\\/\",\"name\":\"Kansalaisten kannanotto metsien puolesta, 15.05.2025 - MEID\u00c4N METS\u00c4MME \u2011kansalaisliike\",\"isPartOf\":{\"@id\":\"https:\\\/\\\/meidanmetsamme.org\\\/#website\"},\"primaryImageOfPage\":{\"@id\":\"https:\\\/\\\/meidanmetsamme.org\\\/index.php\\\/keita-me-olemme\\\/meidan-metsamme-kannanotto-3-2-2022\\\/#primaryimage\"},\"image\":{\"@id\":\"https:\\\/\\\/meidanmetsamme.org\\\/index.php\\\/keita-me-olemme\\\/meidan-metsamme-kannanotto-3-2-2022\\\/#primaryimage\"},\"thumbnailUrl\":\"https:\\\/\\\/meidanmetsamme.org\\\/wp-content\\\/uploads\\\/2022\\\/02\\\/host_2018_014-1024x768.jpg\",\"datePublished\":\"2022-02-03T17:58:12+00:00\",\"dateModified\":\"2025-05-17T13:31:24+00:00\",\"breadcrumb\":{\"@id\":\"https:\\\/\\\/meidanmetsamme.org\\\/index.php\\\/keita-me-olemme\\\/meidan-metsamme-kannanotto-3-2-2022\\\/#breadcrumb\"},\"inLanguage\":\"fi\",\"potentialAction\":[{\"@type\":\"ReadAction\",\"target\":[\"https:\\\/\\\/meidanmetsamme.org\\\/index.php\\\/keita-me-olemme\\\/meidan-metsamme-kannanotto-3-2-2022\\\/\"]}]},{\"@type\":\"ImageObject\",\"inLanguage\":\"fi\",\"@id\":\"https:\\\/\\\/meidanmetsamme.org\\\/index.php\\\/keita-me-olemme\\\/meidan-metsamme-kannanotto-3-2-2022\\\/#primaryimage\",\"url\":\"https:\\\/\\\/meidanmetsamme.org\\\/wp-content\\\/uploads\\\/2022\\\/02\\\/host_2018_014.jpg\",\"contentUrl\":\"https:\\\/\\\/meidanmetsamme.org\\\/wp-content\\\/uploads\\\/2022\\\/02\\\/host_2018_014.jpg\",\"width\":1632,\"height\":1224,\"caption\":\"Kuva: Paula L\u00f6nnemo\"},{\"@type\":\"BreadcrumbList\",\"@id\":\"https:\\\/\\\/meidanmetsamme.org\\\/index.php\\\/keita-me-olemme\\\/meidan-metsamme-kannanotto-3-2-2022\\\/#breadcrumb\",\"itemListElement\":[{\"@type\":\"ListItem\",\"position\":1,\"name\":\"Home\",\"item\":\"https:\\\/\\\/meidanmetsamme.org\\\/\"},{\"@type\":\"ListItem\",\"position\":2,\"name\":\"Keit\u00e4 me olemme\",\"item\":\"https:\\\/\\\/meidanmetsamme.org\\\/index.php\\\/keita-me-olemme\\\/\"},{\"@type\":\"ListItem\",\"position\":3,\"name\":\"Kansalaisten kannanotto metsien puolesta, 15.05.2025\"}]},{\"@type\":\"WebSite\",\"@id\":\"https:\\\/\\\/meidanmetsamme.org\\\/#website\",\"url\":\"https:\\\/\\\/meidanmetsamme.org\\\/\",\"name\":\"MEID\u00c4N METS\u00c4MME \u2011kansalaisliike\",\"description\":\"Pidet\u00e4\u00e4n metsist\u00e4mme parempaa huolta\",\"publisher\":{\"@id\":\"https:\\\/\\\/meidanmetsamme.org\\\/#organization\"},\"potentialAction\":[{\"@type\":\"SearchAction\",\"target\":{\"@type\":\"EntryPoint\",\"urlTemplate\":\"https:\\\/\\\/meidanmetsamme.org\\\/?s={search_term_string}\"},\"query-input\":{\"@type\":\"PropertyValueSpecification\",\"valueRequired\":true,\"valueName\":\"search_term_string\"}}],\"inLanguage\":\"fi\"},{\"@type\":\"Organization\",\"@id\":\"https:\\\/\\\/meidanmetsamme.org\\\/#organization\",\"name\":\"MEID\u00c4N METS\u00c4MME \u2011kansalaisliike\",\"url\":\"https:\\\/\\\/meidanmetsamme.org\\\/\",\"logo\":{\"@type\":\"ImageObject\",\"inLanguage\":\"fi\",\"@id\":\"https:\\\/\\\/meidanmetsamme.org\\\/#\\\/schema\\\/logo\\\/image\\\/\",\"url\":\"https:\\\/\\\/meidanmetsamme.org\\\/wp-content\\\/uploads\\\/2019\\\/10\\\/cropped-meidanmetsamme-logo-ellipse-200px.png\",\"contentUrl\":\"https:\\\/\\\/meidanmetsamme.org\\\/wp-content\\\/uploads\\\/2019\\\/10\\\/cropped-meidanmetsamme-logo-ellipse-200px.png\",\"width\":200,\"height\":123,\"caption\":\"MEID\u00c4N METS\u00c4MME \u2011kansalaisliike\"},\"image\":{\"@id\":\"https:\\\/\\\/meidanmetsamme.org\\\/#\\\/schema\\\/logo\\\/image\\\/\"}}]}<\/script>\n<!-- \/ Yoast SEO plugin. -->","yoast_head_json":{"title":"Kansalaisten kannanotto metsien puolesta, 15.05.2025 - MEID\u00c4N METS\u00c4MME \u2011kansalaisliike","robots":{"index":"index","follow":"follow","max-snippet":"max-snippet:-1","max-image-preview":"max-image-preview:large","max-video-preview":"max-video-preview:-1"},"canonical":"https:\/\/meidanmetsamme.org\/index.php\/keita-me-olemme\/meidan-metsamme-kannanotto-3-2-2022\/","og_locale":"fi_FI","og_type":"article","og_title":"Kansalaisten kannanotto metsien puolesta, 15.05.2025 - MEID\u00c4N METS\u00c4MME \u2011kansalaisliike","og_description":"Mets\u00e4 on miljoonien vuosien aikana kehittyneiden ja kesken\u00e4\u00e4n kytkeytyneiden eli\u00f6yhteis\u00f6jen verkosto. Se on ilman, veden, hapen ja viel\u00e4 pitk\u00e4lti tutkimattoman maaper\u00e4n monimuotoinen kudelma, joka uusintaa ja yll\u00e4pit\u00e4\u00e4 el\u00e4m\u00e4\u00e4. Mets\u00e4 on siis paljon muuta kuin puukuutioita ja selluloosaa. Suomessa monet kuitenkin n\u00e4kev\u00e4t mets\u00e4n yksipuolisesti puuntuotannollisen hy\u00f6tyn\u00e4k\u00f6kulman ja tulostavoitteiden kautta. Lyhytn\u00e4k\u00f6isen taloudellisen hy\u00f6dyntavoittelun sijaan mets\u00e4\u00e4 tulee tarkastella&hellip; Jatka lukemista Kansalaisten kannanotto metsien puolesta, 15.05.2025","og_url":"https:\/\/meidanmetsamme.org\/index.php\/keita-me-olemme\/meidan-metsamme-kannanotto-3-2-2022\/","og_site_name":"MEID\u00c4N METS\u00c4MME \u2011kansalaisliike","article_modified_time":"2025-05-17T13:31:24+00:00","og_image":[{"width":1632,"height":1224,"url":"https:\/\/meidanmetsamme.org\/wp-content\/uploads\/2022\/02\/host_2018_014.jpg","type":"image\/jpeg"}],"twitter_card":"summary_large_image","twitter_misc":{"Arvioitu lukuaika":"8 minuuttia"},"schema":{"@context":"https:\/\/schema.org","@graph":[{"@type":"WebPage","@id":"https:\/\/meidanmetsamme.org\/index.php\/keita-me-olemme\/meidan-metsamme-kannanotto-3-2-2022\/","url":"https:\/\/meidanmetsamme.org\/index.php\/keita-me-olemme\/meidan-metsamme-kannanotto-3-2-2022\/","name":"Kansalaisten kannanotto metsien puolesta, 15.05.2025 - MEID\u00c4N METS\u00c4MME \u2011kansalaisliike","isPartOf":{"@id":"https:\/\/meidanmetsamme.org\/#website"},"primaryImageOfPage":{"@id":"https:\/\/meidanmetsamme.org\/index.php\/keita-me-olemme\/meidan-metsamme-kannanotto-3-2-2022\/#primaryimage"},"image":{"@id":"https:\/\/meidanmetsamme.org\/index.php\/keita-me-olemme\/meidan-metsamme-kannanotto-3-2-2022\/#primaryimage"},"thumbnailUrl":"https:\/\/meidanmetsamme.org\/wp-content\/uploads\/2022\/02\/host_2018_014-1024x768.jpg","datePublished":"2022-02-03T17:58:12+00:00","dateModified":"2025-05-17T13:31:24+00:00","breadcrumb":{"@id":"https:\/\/meidanmetsamme.org\/index.php\/keita-me-olemme\/meidan-metsamme-kannanotto-3-2-2022\/#breadcrumb"},"inLanguage":"fi","potentialAction":[{"@type":"ReadAction","target":["https:\/\/meidanmetsamme.org\/index.php\/keita-me-olemme\/meidan-metsamme-kannanotto-3-2-2022\/"]}]},{"@type":"ImageObject","inLanguage":"fi","@id":"https:\/\/meidanmetsamme.org\/index.php\/keita-me-olemme\/meidan-metsamme-kannanotto-3-2-2022\/#primaryimage","url":"https:\/\/meidanmetsamme.org\/wp-content\/uploads\/2022\/02\/host_2018_014.jpg","contentUrl":"https:\/\/meidanmetsamme.org\/wp-content\/uploads\/2022\/02\/host_2018_014.jpg","width":1632,"height":1224,"caption":"Kuva: Paula L\u00f6nnemo"},{"@type":"BreadcrumbList","@id":"https:\/\/meidanmetsamme.org\/index.php\/keita-me-olemme\/meidan-metsamme-kannanotto-3-2-2022\/#breadcrumb","itemListElement":[{"@type":"ListItem","position":1,"name":"Home","item":"https:\/\/meidanmetsamme.org\/"},{"@type":"ListItem","position":2,"name":"Keit\u00e4 me olemme","item":"https:\/\/meidanmetsamme.org\/index.php\/keita-me-olemme\/"},{"@type":"ListItem","position":3,"name":"Kansalaisten kannanotto metsien puolesta, 15.05.2025"}]},{"@type":"WebSite","@id":"https:\/\/meidanmetsamme.org\/#website","url":"https:\/\/meidanmetsamme.org\/","name":"MEID\u00c4N METS\u00c4MME \u2011kansalaisliike","description":"Pidet\u00e4\u00e4n metsist\u00e4mme parempaa huolta","publisher":{"@id":"https:\/\/meidanmetsamme.org\/#organization"},"potentialAction":[{"@type":"SearchAction","target":{"@type":"EntryPoint","urlTemplate":"https:\/\/meidanmetsamme.org\/?s={search_term_string}"},"query-input":{"@type":"PropertyValueSpecification","valueRequired":true,"valueName":"search_term_string"}}],"inLanguage":"fi"},{"@type":"Organization","@id":"https:\/\/meidanmetsamme.org\/#organization","name":"MEID\u00c4N METS\u00c4MME \u2011kansalaisliike","url":"https:\/\/meidanmetsamme.org\/","logo":{"@type":"ImageObject","inLanguage":"fi","@id":"https:\/\/meidanmetsamme.org\/#\/schema\/logo\/image\/","url":"https:\/\/meidanmetsamme.org\/wp-content\/uploads\/2019\/10\/cropped-meidanmetsamme-logo-ellipse-200px.png","contentUrl":"https:\/\/meidanmetsamme.org\/wp-content\/uploads\/2019\/10\/cropped-meidanmetsamme-logo-ellipse-200px.png","width":200,"height":123,"caption":"MEID\u00c4N METS\u00c4MME \u2011kansalaisliike"},"image":{"@id":"https:\/\/meidanmetsamme.org\/#\/schema\/logo\/image\/"}}]}},"_links":{"self":[{"href":"https:\/\/meidanmetsamme.org\/index.php\/wp-json\/wp\/v2\/pages\/2117","targetHints":{"allow":["GET"]}}],"collection":[{"href":"https:\/\/meidanmetsamme.org\/index.php\/wp-json\/wp\/v2\/pages"}],"about":[{"href":"https:\/\/meidanmetsamme.org\/index.php\/wp-json\/wp\/v2\/types\/page"}],"author":[{"embeddable":true,"href":"https:\/\/meidanmetsamme.org\/index.php\/wp-json\/wp\/v2\/users\/4"}],"replies":[{"embeddable":true,"href":"https:\/\/meidanmetsamme.org\/index.php\/wp-json\/wp\/v2\/comments?post=2117"}],"version-history":[{"count":65,"href":"https:\/\/meidanmetsamme.org\/index.php\/wp-json\/wp\/v2\/pages\/2117\/revisions"}],"predecessor-version":[{"id":2707,"href":"https:\/\/meidanmetsamme.org\/index.php\/wp-json\/wp\/v2\/pages\/2117\/revisions\/2707"}],"up":[{"embeddable":true,"href":"https:\/\/meidanmetsamme.org\/index.php\/wp-json\/wp\/v2\/pages\/1710"}],"wp:attachment":[{"href":"https:\/\/meidanmetsamme.org\/index.php\/wp-json\/wp\/v2\/media?parent=2117"}],"curies":[{"name":"wp","href":"https:\/\/api.w.org\/{rel}","templated":true}]}}