{"id":2213,"date":"2022-07-16T17:36:51","date_gmt":"2022-07-16T14:36:51","guid":{"rendered":"https:\/\/meidanmetsamme.org\/?page_id=2213"},"modified":"2025-06-14T08:11:59","modified_gmt":"2025-06-14T05:11:59","slug":"muurlan-metsadialogi-22-5-2022","status":"publish","type":"page","link":"https:\/\/meidanmetsamme.org\/index.php\/etusivu\/metsadialogit\/muurlan-metsadialogi-22-5-2022\/","title":{"rendered":"Muurlan mets\u00e4dialogi 22.5.2022"},"content":{"rendered":"\n<figure class=\"wp-block-image size-large\"><img loading=\"lazy\" decoding=\"async\" width=\"1024\" height=\"683\" src=\"https:\/\/meidanmetsamme.org\/wp-content\/uploads\/2022\/06\/Muurlan-dialogi-kuva-1-1024x683.jpg\" alt=\"\" class=\"wp-image-2194\" srcset=\"https:\/\/meidanmetsamme.org\/wp-content\/uploads\/2022\/06\/Muurlan-dialogi-kuva-1-1024x683.jpg 1024w, https:\/\/meidanmetsamme.org\/wp-content\/uploads\/2022\/06\/Muurlan-dialogi-kuva-1-300x200.jpg 300w, https:\/\/meidanmetsamme.org\/wp-content\/uploads\/2022\/06\/Muurlan-dialogi-kuva-1-768x512.jpg 768w, https:\/\/meidanmetsamme.org\/wp-content\/uploads\/2022\/06\/Muurlan-dialogi-kuva-1.jpg 1152w\" sizes=\"auto, (max-width: 1024px) 100vw, 1024px\" \/><\/figure>\n\n\n\n<p id=\"block-f2bbc39b-40cb-4dee-9f5c-36bffd38ac75\">Juhlimme mets\u00e4dialogien 3-vuotistaivalta Salon Muurlassa 22.5.2022<br>ty\u00f6ryhm\u00e4mme sek\u00e4 muutaman yhteisty\u00f6kumppanin kanssa. Ensimm\u00e4inen<br>dialogi j\u00e4rjestettiin juuri Muurlassa reilut kolme vuotta sitten tammikuussa 2019. Muurlan opisto tarjoaa rauhalliset ja miellytt\u00e4v\u00e4t puitteet luovalle dialogille; kulttuuriymp\u00e4rist\u00f6n, hyv\u00e4n ruoan ja kauniin luonnon Ylisj\u00e4rven rannalla.<\/p>\n\n\n\n<figure class=\"wp-block-image size-large\"><img loading=\"lazy\" decoding=\"async\" width=\"1024\" height=\"683\" src=\"https:\/\/meidanmetsamme.org\/wp-content\/uploads\/2022\/06\/Muurlan-dialogi-kuva-2-1024x683.jpg\" alt=\"\" class=\"wp-image-2195\" srcset=\"https:\/\/meidanmetsamme.org\/wp-content\/uploads\/2022\/06\/Muurlan-dialogi-kuva-2-1024x683.jpg 1024w, https:\/\/meidanmetsamme.org\/wp-content\/uploads\/2022\/06\/Muurlan-dialogi-kuva-2-300x200.jpg 300w, https:\/\/meidanmetsamme.org\/wp-content\/uploads\/2022\/06\/Muurlan-dialogi-kuva-2-768x512.jpg 768w, https:\/\/meidanmetsamme.org\/wp-content\/uploads\/2022\/06\/Muurlan-dialogi-kuva-2.jpg 1152w\" sizes=\"auto, (max-width: 1024px) 100vw, 1024px\" \/><\/figure>\n\n\n\n<p id=\"block-dcde438b-926e-41e2-87ca-0d273b1e93a6\">T\u00e4ll\u00e4 kertaa mukana olivat ty\u00f6ryhm\u00e4st\u00e4mme Houtbeckers Eeva, Simo H\u00e4kli,<br>Hanna Jyske, Eeva-Stiina L\u00f6nnemo, Paula L\u00f6nnemo, Ulla Montin ja Toni<br>Ruuska. Yhteisty\u00f6kumppanit; aluesihteeri Ina Rosberg Suomen<br>luonnonsuojeluliiton Etel\u00e4-H\u00e4meen piirist\u00e4 ja toiminnanjohtaja Annukka<br>Valkeap\u00e4\u00e4 Mets\u00e4n jatkuvankasvatuksen yhdistys Silva ry:st\u00e4. Kutsuvieraaksi<br>olimme pyyt\u00e4neet my\u00f6s erikoistutkija Sauli Valkosen Suomen<br>luonnonvarakeskuksesta, sill\u00e4 h\u00e4n on keskittynyt mets\u00e4n jatkuvan kasvatuksen<br>tutkimuksiin. Dialogin fasilitoinnin hoiti taidokkaasti Timo J\u00e4rvensivu.<\/p>\n\n\n\n<p id=\"block-d9bd5e37-33cf-499b-8e8a-859376ada0ec\">Pohdimme yhdess\u00e4 miksi mik\u00e4\u00e4n ei muutu (tai muutosvauhti on asetettuihin<br>tavoitteisiin n\u00e4hden liian hidas) vaikka tutkimus- ja empiirist\u00e4 tietoa on rutkasti<br>tarjolla? Monet mets\u00e4talouteen ja mets\u00e4nhoitoon ja erityisesti jatkuvaan<br>kasvatukseen liittyv\u00e4t myytit vellovat viel\u00e4 pitk\u00e4lti voimissaan. Sauli Valkosen<br>(Luke) esitys mursi n\u00e4it\u00e4 myyttej\u00e4. My\u00f6s vallan keskittymist\u00e4 mets\u00e4asioissa<br>pidettiin ongelmallisena.<\/p>\n\n\n\n<p id=\"block-e0ec8f8e-7057-4dac-a7e4-ff6ca9d67e9f\">Aktivismi on kuluttavaa ja siksi puhuimme my\u00f6s siit\u00e4, mihin meid\u00e4n kannattaa<br>keskitt\u00e4\u00e4 voimamme. Dialogisten mets\u00e4keskustelujen uskottiin avartavan<br>osallistujien ymm\u00e4rryst\u00e4, her\u00e4tt\u00e4v\u00e4n ajatuksia sek\u00e4 purkavan turhia<br>vastakkainasetteluja. Mets\u00e4dialogit varmasti jatkuvat eri teemojen merkeiss\u00e4<br>mutta my\u00f6s muunlainen yhteisty\u00f6 erilaisten toimijoiden kanssa<br>luontopositiivisuuden lis\u00e4\u00e4miseksi olisi t\u00e4rke\u00e4\u00e4. Yhdess\u00e4 tekeminen innostaa ja<br>toisten tuki on elinehto jaksamiselle.<\/p>\n\n\n\n<p id=\"block-4e0f0e9a-a316-44a0-9a8f-3d65b8e5263f\">Kiitos kaikille teille, jotka olitte mukana.<\/p>\n","protected":false},"excerpt":{"rendered":"<p>Juhlimme mets\u00e4dialogien 3-vuotistaivalta Salon Muurlassa 22.5.2022ty\u00f6ryhm\u00e4mme sek\u00e4 muutaman yhteisty\u00f6kumppanin kanssa. Ensimm\u00e4inendialogi j\u00e4rjestettiin juuri Muurlassa reilut kolme vuotta sitten tammikuussa 2019. Muurlan opisto tarjoaa rauhalliset ja miellytt\u00e4v\u00e4t puitteet luovalle dialogille; kulttuuriymp\u00e4rist\u00f6n, hyv\u00e4n ruoan ja kauniin luonnon Ylisj\u00e4rven rannalla. T\u00e4ll\u00e4 kertaa mukana olivat ty\u00f6ryhm\u00e4st\u00e4mme Houtbeckers Eeva, Simo H\u00e4kli,Hanna Jyske, Eeva-Stiina L\u00f6nnemo, Paula L\u00f6nnemo, Ulla Montin ja ToniRuuska.&hellip; <a class=\"more-link\" href=\"https:\/\/meidanmetsamme.org\/index.php\/etusivu\/metsadialogit\/muurlan-metsadialogi-22-5-2022\/\">Jatka lukemista <span class=\"screen-reader-text\">Muurlan mets\u00e4dialogi 22.5.2022<\/span><\/a><\/p>\n","protected":false},"author":4,"featured_media":0,"parent":842,"menu_order":0,"comment_status":"closed","ping_status":"closed","template":"","meta":{"footnotes":""},"class_list":["post-2213","page","type-page","status-publish","hentry","entry"],"yoast_head":"<!-- This site is optimized with the Yoast SEO plugin v27.4 - https:\/\/yoast.com\/product\/yoast-seo-wordpress\/ -->\n<title>Muurlan mets\u00e4dialogi 22.5.2022 - MEID\u00c4N METS\u00c4MME \u2011kansalaisliike<\/title>\n<meta name=\"robots\" content=\"index, follow, max-snippet:-1, max-image-preview:large, max-video-preview:-1\" \/>\n<link rel=\"canonical\" href=\"https:\/\/meidanmetsamme.org\/index.php\/etusivu\/metsadialogit\/muurlan-metsadialogi-22-5-2022\/\" \/>\n<meta property=\"og:locale\" content=\"fi_FI\" \/>\n<meta property=\"og:type\" content=\"article\" \/>\n<meta property=\"og:title\" content=\"Muurlan mets\u00e4dialogi 22.5.2022 - MEID\u00c4N METS\u00c4MME \u2011kansalaisliike\" \/>\n<meta property=\"og:description\" content=\"Juhlimme mets\u00e4dialogien 3-vuotistaivalta Salon Muurlassa 22.5.2022ty\u00f6ryhm\u00e4mme sek\u00e4 muutaman yhteisty\u00f6kumppanin kanssa. Ensimm\u00e4inendialogi j\u00e4rjestettiin juuri Muurlassa reilut kolme vuotta sitten tammikuussa 2019. Muurlan opisto tarjoaa rauhalliset ja miellytt\u00e4v\u00e4t puitteet luovalle dialogille; kulttuuriymp\u00e4rist\u00f6n, hyv\u00e4n ruoan ja kauniin luonnon Ylisj\u00e4rven rannalla. T\u00e4ll\u00e4 kertaa mukana olivat ty\u00f6ryhm\u00e4st\u00e4mme Houtbeckers Eeva, Simo H\u00e4kli,Hanna Jyske, Eeva-Stiina L\u00f6nnemo, Paula L\u00f6nnemo, Ulla Montin ja ToniRuuska.&hellip; Jatka lukemista Muurlan mets\u00e4dialogi 22.5.2022\" \/>\n<meta property=\"og:url\" content=\"https:\/\/meidanmetsamme.org\/index.php\/etusivu\/metsadialogit\/muurlan-metsadialogi-22-5-2022\/\" \/>\n<meta property=\"og:site_name\" content=\"MEID\u00c4N METS\u00c4MME \u2011kansalaisliike\" \/>\n<meta property=\"article:modified_time\" content=\"2025-06-14T05:11:59+00:00\" \/>\n<meta property=\"og:image\" content=\"https:\/\/meidanmetsamme.org\/wp-content\/uploads\/2022\/06\/Muurlan-dialogi-kuva-1.jpg\" \/>\n\t<meta property=\"og:image:width\" content=\"1152\" \/>\n\t<meta property=\"og:image:height\" content=\"768\" \/>\n\t<meta property=\"og:image:type\" content=\"image\/jpeg\" \/>\n<meta name=\"twitter:card\" content=\"summary_large_image\" \/>\n<meta name=\"twitter:label1\" content=\"Arvioitu lukuaika\" \/>\n\t<meta name=\"twitter:data1\" content=\"1 minuutti\" \/>\n<script type=\"application\/ld+json\" class=\"yoast-schema-graph\">{\"@context\":\"https:\\\/\\\/schema.org\",\"@graph\":[{\"@type\":\"WebPage\",\"@id\":\"https:\\\/\\\/meidanmetsamme.org\\\/index.php\\\/etusivu\\\/metsadialogit\\\/muurlan-metsadialogi-22-5-2022\\\/\",\"url\":\"https:\\\/\\\/meidanmetsamme.org\\\/index.php\\\/etusivu\\\/metsadialogit\\\/muurlan-metsadialogi-22-5-2022\\\/\",\"name\":\"Muurlan mets\u00e4dialogi 22.5.2022 - MEID\u00c4N METS\u00c4MME \u2011kansalaisliike\",\"isPartOf\":{\"@id\":\"https:\\\/\\\/meidanmetsamme.org\\\/#website\"},\"primaryImageOfPage\":{\"@id\":\"https:\\\/\\\/meidanmetsamme.org\\\/index.php\\\/etusivu\\\/metsadialogit\\\/muurlan-metsadialogi-22-5-2022\\\/#primaryimage\"},\"image\":{\"@id\":\"https:\\\/\\\/meidanmetsamme.org\\\/index.php\\\/etusivu\\\/metsadialogit\\\/muurlan-metsadialogi-22-5-2022\\\/#primaryimage\"},\"thumbnailUrl\":\"https:\\\/\\\/meidanmetsamme.org\\\/wp-content\\\/uploads\\\/2022\\\/06\\\/Muurlan-dialogi-kuva-1-1024x683.jpg\",\"datePublished\":\"2022-07-16T14:36:51+00:00\",\"dateModified\":\"2025-06-14T05:11:59+00:00\",\"breadcrumb\":{\"@id\":\"https:\\\/\\\/meidanmetsamme.org\\\/index.php\\\/etusivu\\\/metsadialogit\\\/muurlan-metsadialogi-22-5-2022\\\/#breadcrumb\"},\"inLanguage\":\"fi\",\"potentialAction\":[{\"@type\":\"ReadAction\",\"target\":[\"https:\\\/\\\/meidanmetsamme.org\\\/index.php\\\/etusivu\\\/metsadialogit\\\/muurlan-metsadialogi-22-5-2022\\\/\"]}]},{\"@type\":\"ImageObject\",\"inLanguage\":\"fi\",\"@id\":\"https:\\\/\\\/meidanmetsamme.org\\\/index.php\\\/etusivu\\\/metsadialogit\\\/muurlan-metsadialogi-22-5-2022\\\/#primaryimage\",\"url\":\"https:\\\/\\\/meidanmetsamme.org\\\/wp-content\\\/uploads\\\/2022\\\/06\\\/Muurlan-dialogi-kuva-1.jpg\",\"contentUrl\":\"https:\\\/\\\/meidanmetsamme.org\\\/wp-content\\\/uploads\\\/2022\\\/06\\\/Muurlan-dialogi-kuva-1.jpg\",\"width\":1152,\"height\":768},{\"@type\":\"BreadcrumbList\",\"@id\":\"https:\\\/\\\/meidanmetsamme.org\\\/index.php\\\/etusivu\\\/metsadialogit\\\/muurlan-metsadialogi-22-5-2022\\\/#breadcrumb\",\"itemListElement\":[{\"@type\":\"ListItem\",\"position\":1,\"name\":\"Home\",\"item\":\"https:\\\/\\\/meidanmetsamme.org\\\/\"},{\"@type\":\"ListItem\",\"position\":2,\"name\":\"Etusivu\",\"item\":\"https:\\\/\\\/meidanmetsamme.org\\\/\"},{\"@type\":\"ListItem\",\"position\":3,\"name\":\"Mets\u00e4dialogit\",\"item\":\"https:\\\/\\\/meidanmetsamme.org\\\/index.php\\\/etusivu\\\/metsadialogit\\\/\"},{\"@type\":\"ListItem\",\"position\":4,\"name\":\"Muurlan mets\u00e4dialogi 22.5.2022\"}]},{\"@type\":\"WebSite\",\"@id\":\"https:\\\/\\\/meidanmetsamme.org\\\/#website\",\"url\":\"https:\\\/\\\/meidanmetsamme.org\\\/\",\"name\":\"MEID\u00c4N METS\u00c4MME \u2011kansalaisliike\",\"description\":\"Pidet\u00e4\u00e4n metsist\u00e4mme parempaa huolta\",\"publisher\":{\"@id\":\"https:\\\/\\\/meidanmetsamme.org\\\/#organization\"},\"potentialAction\":[{\"@type\":\"SearchAction\",\"target\":{\"@type\":\"EntryPoint\",\"urlTemplate\":\"https:\\\/\\\/meidanmetsamme.org\\\/?s={search_term_string}\"},\"query-input\":{\"@type\":\"PropertyValueSpecification\",\"valueRequired\":true,\"valueName\":\"search_term_string\"}}],\"inLanguage\":\"fi\"},{\"@type\":\"Organization\",\"@id\":\"https:\\\/\\\/meidanmetsamme.org\\\/#organization\",\"name\":\"MEID\u00c4N METS\u00c4MME \u2011kansalaisliike\",\"url\":\"https:\\\/\\\/meidanmetsamme.org\\\/\",\"logo\":{\"@type\":\"ImageObject\",\"inLanguage\":\"fi\",\"@id\":\"https:\\\/\\\/meidanmetsamme.org\\\/#\\\/schema\\\/logo\\\/image\\\/\",\"url\":\"https:\\\/\\\/meidanmetsamme.org\\\/wp-content\\\/uploads\\\/2019\\\/10\\\/cropped-meidanmetsamme-logo-ellipse-200px.png\",\"contentUrl\":\"https:\\\/\\\/meidanmetsamme.org\\\/wp-content\\\/uploads\\\/2019\\\/10\\\/cropped-meidanmetsamme-logo-ellipse-200px.png\",\"width\":200,\"height\":123,\"caption\":\"MEID\u00c4N METS\u00c4MME \u2011kansalaisliike\"},\"image\":{\"@id\":\"https:\\\/\\\/meidanmetsamme.org\\\/#\\\/schema\\\/logo\\\/image\\\/\"}}]}<\/script>\n<!-- \/ Yoast SEO plugin. -->","yoast_head_json":{"title":"Muurlan mets\u00e4dialogi 22.5.2022 - MEID\u00c4N METS\u00c4MME \u2011kansalaisliike","robots":{"index":"index","follow":"follow","max-snippet":"max-snippet:-1","max-image-preview":"max-image-preview:large","max-video-preview":"max-video-preview:-1"},"canonical":"https:\/\/meidanmetsamme.org\/index.php\/etusivu\/metsadialogit\/muurlan-metsadialogi-22-5-2022\/","og_locale":"fi_FI","og_type":"article","og_title":"Muurlan mets\u00e4dialogi 22.5.2022 - MEID\u00c4N METS\u00c4MME \u2011kansalaisliike","og_description":"Juhlimme mets\u00e4dialogien 3-vuotistaivalta Salon Muurlassa 22.5.2022ty\u00f6ryhm\u00e4mme sek\u00e4 muutaman yhteisty\u00f6kumppanin kanssa. Ensimm\u00e4inendialogi j\u00e4rjestettiin juuri Muurlassa reilut kolme vuotta sitten tammikuussa 2019. Muurlan opisto tarjoaa rauhalliset ja miellytt\u00e4v\u00e4t puitteet luovalle dialogille; kulttuuriymp\u00e4rist\u00f6n, hyv\u00e4n ruoan ja kauniin luonnon Ylisj\u00e4rven rannalla. T\u00e4ll\u00e4 kertaa mukana olivat ty\u00f6ryhm\u00e4st\u00e4mme Houtbeckers Eeva, Simo H\u00e4kli,Hanna Jyske, Eeva-Stiina L\u00f6nnemo, Paula L\u00f6nnemo, Ulla Montin ja ToniRuuska.&hellip; Jatka lukemista Muurlan mets\u00e4dialogi 22.5.2022","og_url":"https:\/\/meidanmetsamme.org\/index.php\/etusivu\/metsadialogit\/muurlan-metsadialogi-22-5-2022\/","og_site_name":"MEID\u00c4N METS\u00c4MME \u2011kansalaisliike","article_modified_time":"2025-06-14T05:11:59+00:00","og_image":[{"width":1152,"height":768,"url":"https:\/\/meidanmetsamme.org\/wp-content\/uploads\/2022\/06\/Muurlan-dialogi-kuva-1.jpg","type":"image\/jpeg"}],"twitter_card":"summary_large_image","twitter_misc":{"Arvioitu lukuaika":"1 minuutti"},"schema":{"@context":"https:\/\/schema.org","@graph":[{"@type":"WebPage","@id":"https:\/\/meidanmetsamme.org\/index.php\/etusivu\/metsadialogit\/muurlan-metsadialogi-22-5-2022\/","url":"https:\/\/meidanmetsamme.org\/index.php\/etusivu\/metsadialogit\/muurlan-metsadialogi-22-5-2022\/","name":"Muurlan mets\u00e4dialogi 22.5.2022 - MEID\u00c4N METS\u00c4MME \u2011kansalaisliike","isPartOf":{"@id":"https:\/\/meidanmetsamme.org\/#website"},"primaryImageOfPage":{"@id":"https:\/\/meidanmetsamme.org\/index.php\/etusivu\/metsadialogit\/muurlan-metsadialogi-22-5-2022\/#primaryimage"},"image":{"@id":"https:\/\/meidanmetsamme.org\/index.php\/etusivu\/metsadialogit\/muurlan-metsadialogi-22-5-2022\/#primaryimage"},"thumbnailUrl":"https:\/\/meidanmetsamme.org\/wp-content\/uploads\/2022\/06\/Muurlan-dialogi-kuva-1-1024x683.jpg","datePublished":"2022-07-16T14:36:51+00:00","dateModified":"2025-06-14T05:11:59+00:00","breadcrumb":{"@id":"https:\/\/meidanmetsamme.org\/index.php\/etusivu\/metsadialogit\/muurlan-metsadialogi-22-5-2022\/#breadcrumb"},"inLanguage":"fi","potentialAction":[{"@type":"ReadAction","target":["https:\/\/meidanmetsamme.org\/index.php\/etusivu\/metsadialogit\/muurlan-metsadialogi-22-5-2022\/"]}]},{"@type":"ImageObject","inLanguage":"fi","@id":"https:\/\/meidanmetsamme.org\/index.php\/etusivu\/metsadialogit\/muurlan-metsadialogi-22-5-2022\/#primaryimage","url":"https:\/\/meidanmetsamme.org\/wp-content\/uploads\/2022\/06\/Muurlan-dialogi-kuva-1.jpg","contentUrl":"https:\/\/meidanmetsamme.org\/wp-content\/uploads\/2022\/06\/Muurlan-dialogi-kuva-1.jpg","width":1152,"height":768},{"@type":"BreadcrumbList","@id":"https:\/\/meidanmetsamme.org\/index.php\/etusivu\/metsadialogit\/muurlan-metsadialogi-22-5-2022\/#breadcrumb","itemListElement":[{"@type":"ListItem","position":1,"name":"Home","item":"https:\/\/meidanmetsamme.org\/"},{"@type":"ListItem","position":2,"name":"Etusivu","item":"https:\/\/meidanmetsamme.org\/"},{"@type":"ListItem","position":3,"name":"Mets\u00e4dialogit","item":"https:\/\/meidanmetsamme.org\/index.php\/etusivu\/metsadialogit\/"},{"@type":"ListItem","position":4,"name":"Muurlan mets\u00e4dialogi 22.5.2022"}]},{"@type":"WebSite","@id":"https:\/\/meidanmetsamme.org\/#website","url":"https:\/\/meidanmetsamme.org\/","name":"MEID\u00c4N METS\u00c4MME \u2011kansalaisliike","description":"Pidet\u00e4\u00e4n metsist\u00e4mme parempaa huolta","publisher":{"@id":"https:\/\/meidanmetsamme.org\/#organization"},"potentialAction":[{"@type":"SearchAction","target":{"@type":"EntryPoint","urlTemplate":"https:\/\/meidanmetsamme.org\/?s={search_term_string}"},"query-input":{"@type":"PropertyValueSpecification","valueRequired":true,"valueName":"search_term_string"}}],"inLanguage":"fi"},{"@type":"Organization","@id":"https:\/\/meidanmetsamme.org\/#organization","name":"MEID\u00c4N METS\u00c4MME \u2011kansalaisliike","url":"https:\/\/meidanmetsamme.org\/","logo":{"@type":"ImageObject","inLanguage":"fi","@id":"https:\/\/meidanmetsamme.org\/#\/schema\/logo\/image\/","url":"https:\/\/meidanmetsamme.org\/wp-content\/uploads\/2019\/10\/cropped-meidanmetsamme-logo-ellipse-200px.png","contentUrl":"https:\/\/meidanmetsamme.org\/wp-content\/uploads\/2019\/10\/cropped-meidanmetsamme-logo-ellipse-200px.png","width":200,"height":123,"caption":"MEID\u00c4N METS\u00c4MME \u2011kansalaisliike"},"image":{"@id":"https:\/\/meidanmetsamme.org\/#\/schema\/logo\/image\/"}}]}},"_links":{"self":[{"href":"https:\/\/meidanmetsamme.org\/index.php\/wp-json\/wp\/v2\/pages\/2213","targetHints":{"allow":["GET"]}}],"collection":[{"href":"https:\/\/meidanmetsamme.org\/index.php\/wp-json\/wp\/v2\/pages"}],"about":[{"href":"https:\/\/meidanmetsamme.org\/index.php\/wp-json\/wp\/v2\/types\/page"}],"author":[{"embeddable":true,"href":"https:\/\/meidanmetsamme.org\/index.php\/wp-json\/wp\/v2\/users\/4"}],"replies":[{"embeddable":true,"href":"https:\/\/meidanmetsamme.org\/index.php\/wp-json\/wp\/v2\/comments?post=2213"}],"version-history":[{"count":4,"href":"https:\/\/meidanmetsamme.org\/index.php\/wp-json\/wp\/v2\/pages\/2213\/revisions"}],"predecessor-version":[{"id":2223,"href":"https:\/\/meidanmetsamme.org\/index.php\/wp-json\/wp\/v2\/pages\/2213\/revisions\/2223"}],"up":[{"embeddable":true,"href":"https:\/\/meidanmetsamme.org\/index.php\/wp-json\/wp\/v2\/pages\/842"}],"wp:attachment":[{"href":"https:\/\/meidanmetsamme.org\/index.php\/wp-json\/wp\/v2\/media?parent=2213"}],"curies":[{"name":"wp","href":"https:\/\/api.w.org\/{rel}","templated":true}]}}