{"id":877,"date":"2021-02-03T11:17:12","date_gmt":"2021-02-03T09:17:12","guid":{"rendered":"https:\/\/uusimeidanmetsamme.jlehtinen.net\/?page_id=877"},"modified":"2025-04-20T07:30:33","modified_gmt":"2025-04-20T04:30:33","slug":"yhteystiedot","status":"publish","type":"page","link":"https:\/\/meidanmetsamme.org\/index.php\/etusivu\/yhteystiedot\/","title":{"rendered":"Yhteystiedot"},"content":{"rendered":"\n<p>Tavoitat meid\u00e4n Meid\u00e4n mets\u00e4mme -kansalaisliikkeen:<\/p>\n\n\n\n<ul class=\"wp-block-list\"><li>s\u00e4hk\u00f6postitse meidanmetsamme (at) gmail.com<\/li><\/ul>\n\n\n\n<p>Samaan osoitteeseen voit <\/p>\n\n\n\n<ul class=\"wp-block-list\"><li>l\u00e4hett\u00e4\u00e4 palautetta Meid\u00e4n mets\u00e4mme -sivuista ja <\/li><li>l\u00e4hett\u00e4\u00e4 pyynn\u00f6n liittymisest\u00e4 s\u00e4hk\u00f6postilistallemme.<\/li><\/ul>\n\n\n\n<p>Meid\u00e4n mets\u00e4mme -kansalaisliikkeen ty\u00f6ryhm\u00e4n j\u00e4senet l\u00f6yd\u00e4t  <a href=\"https:\/\/meidanmetsamme.org\/index.php\/keita-me-olemme\/\">Keit\u00e4 me olemme -sivulta<\/a>.<\/p>\n\n\n\n<p><\/p>\n\n\n\n<p><strong>Some-tilimme<\/strong><\/p>\n\n\n\n<p><a href=\"https:\/\/bsky.app\/profile\/mmetsamme.bsky.social\">https:\/\/bsky.app\/profile\/mmetsamme.bsky.social<\/a><\/p>\n\n\n\n<p><a href=\"https:\/\/www.facebook.com\/MMetsamme\" target=\"_blank\" rel=\"noreferrer noopener\">https:\/\/www.facebook.com\/MMetsamme<\/a><\/p>\n\n\n\n<p><a href=\"https:\/\/www.instagram.com\/mmetsamme\/\" target=\"_blank\" rel=\"noreferrer noopener\">https:\/\/www.instagram.com\/mmetsamme\/<\/a><\/p>\n","protected":false},"excerpt":{"rendered":"<p>Tavoitat meid\u00e4n Meid\u00e4n mets\u00e4mme -kansalaisliikkeen: s\u00e4hk\u00f6postitse meidanmetsamme (at) gmail.com Samaan osoitteeseen voit l\u00e4hett\u00e4\u00e4 palautetta Meid\u00e4n mets\u00e4mme -sivuista ja l\u00e4hett\u00e4\u00e4 pyynn\u00f6n liittymisest\u00e4 s\u00e4hk\u00f6postilistallemme. Meid\u00e4n mets\u00e4mme -kansalaisliikkeen ty\u00f6ryhm\u00e4n j\u00e4senet l\u00f6yd\u00e4t Keit\u00e4 me olemme -sivulta. Some-tilimme https:\/\/bsky.app\/profile\/mmetsamme.bsky.social https:\/\/www.facebook.com\/MMetsamme https:\/\/www.instagram.com\/mmetsamme\/<\/p>\n","protected":false},"author":4,"featured_media":0,"parent":861,"menu_order":0,"comment_status":"closed","ping_status":"closed","template":"","meta":{"footnotes":""},"class_list":["post-877","page","type-page","status-publish","hentry","entry"],"yoast_head":"<!-- This site is optimized with the Yoast SEO plugin v27.5 - https:\/\/yoast.com\/product\/yoast-seo-wordpress\/ -->\n<title>Yhteystiedot - MEID\u00c4N METS\u00c4MME \u2011kansalaisliike<\/title>\n<meta name=\"robots\" content=\"index, follow, max-snippet:-1, max-image-preview:large, max-video-preview:-1\" \/>\n<link rel=\"canonical\" href=\"https:\/\/meidanmetsamme.org\/index.php\/etusivu\/yhteystiedot\/\" \/>\n<meta property=\"og:locale\" content=\"fi_FI\" \/>\n<meta property=\"og:type\" content=\"article\" \/>\n<meta property=\"og:title\" content=\"Yhteystiedot - MEID\u00c4N METS\u00c4MME \u2011kansalaisliike\" \/>\n<meta property=\"og:description\" content=\"Tavoitat meid\u00e4n Meid\u00e4n mets\u00e4mme -kansalaisliikkeen: s\u00e4hk\u00f6postitse meidanmetsamme (at) gmail.com Samaan osoitteeseen voit l\u00e4hett\u00e4\u00e4 palautetta Meid\u00e4n mets\u00e4mme -sivuista ja l\u00e4hett\u00e4\u00e4 pyynn\u00f6n liittymisest\u00e4 s\u00e4hk\u00f6postilistallemme. Meid\u00e4n mets\u00e4mme -kansalaisliikkeen ty\u00f6ryhm\u00e4n j\u00e4senet l\u00f6yd\u00e4t Keit\u00e4 me olemme -sivulta. Some-tilimme https:\/\/bsky.app\/profile\/mmetsamme.bsky.social https:\/\/www.facebook.com\/MMetsamme https:\/\/www.instagram.com\/mmetsamme\/\" \/>\n<meta property=\"og:url\" content=\"https:\/\/meidanmetsamme.org\/index.php\/etusivu\/yhteystiedot\/\" \/>\n<meta property=\"og:site_name\" content=\"MEID\u00c4N METS\u00c4MME \u2011kansalaisliike\" \/>\n<meta property=\"article:modified_time\" content=\"2025-04-20T04:30:33+00:00\" \/>\n<meta name=\"twitter:card\" content=\"summary_large_image\" \/>\n<script type=\"application\/ld+json\" class=\"yoast-schema-graph\">{\"@context\":\"https:\\\/\\\/schema.org\",\"@graph\":[{\"@type\":\"WebPage\",\"@id\":\"https:\\\/\\\/meidanmetsamme.org\\\/index.php\\\/etusivu\\\/yhteystiedot\\\/\",\"url\":\"https:\\\/\\\/meidanmetsamme.org\\\/index.php\\\/etusivu\\\/yhteystiedot\\\/\",\"name\":\"Yhteystiedot - MEID\u00c4N METS\u00c4MME \u2011kansalaisliike\",\"isPartOf\":{\"@id\":\"https:\\\/\\\/meidanmetsamme.org\\\/#website\"},\"datePublished\":\"2021-02-03T09:17:12+00:00\",\"dateModified\":\"2025-04-20T04:30:33+00:00\",\"breadcrumb\":{\"@id\":\"https:\\\/\\\/meidanmetsamme.org\\\/index.php\\\/etusivu\\\/yhteystiedot\\\/#breadcrumb\"},\"inLanguage\":\"fi\",\"potentialAction\":[{\"@type\":\"ReadAction\",\"target\":[\"https:\\\/\\\/meidanmetsamme.org\\\/index.php\\\/etusivu\\\/yhteystiedot\\\/\"]}]},{\"@type\":\"BreadcrumbList\",\"@id\":\"https:\\\/\\\/meidanmetsamme.org\\\/index.php\\\/etusivu\\\/yhteystiedot\\\/#breadcrumb\",\"itemListElement\":[{\"@type\":\"ListItem\",\"position\":1,\"name\":\"Home\",\"item\":\"https:\\\/\\\/meidanmetsamme.org\\\/\"},{\"@type\":\"ListItem\",\"position\":2,\"name\":\"Etusivu\",\"item\":\"https:\\\/\\\/meidanmetsamme.org\\\/\"},{\"@type\":\"ListItem\",\"position\":3,\"name\":\"Yhteystiedot\"}]},{\"@type\":\"WebSite\",\"@id\":\"https:\\\/\\\/meidanmetsamme.org\\\/#website\",\"url\":\"https:\\\/\\\/meidanmetsamme.org\\\/\",\"name\":\"MEID\u00c4N METS\u00c4MME \u2011kansalaisliike\",\"description\":\"Pidet\u00e4\u00e4n metsist\u00e4mme parempaa huolta\",\"publisher\":{\"@id\":\"https:\\\/\\\/meidanmetsamme.org\\\/#organization\"},\"potentialAction\":[{\"@type\":\"SearchAction\",\"target\":{\"@type\":\"EntryPoint\",\"urlTemplate\":\"https:\\\/\\\/meidanmetsamme.org\\\/?s={search_term_string}\"},\"query-input\":{\"@type\":\"PropertyValueSpecification\",\"valueRequired\":true,\"valueName\":\"search_term_string\"}}],\"inLanguage\":\"fi\"},{\"@type\":\"Organization\",\"@id\":\"https:\\\/\\\/meidanmetsamme.org\\\/#organization\",\"name\":\"MEID\u00c4N METS\u00c4MME \u2011kansalaisliike\",\"url\":\"https:\\\/\\\/meidanmetsamme.org\\\/\",\"logo\":{\"@type\":\"ImageObject\",\"inLanguage\":\"fi\",\"@id\":\"https:\\\/\\\/meidanmetsamme.org\\\/#\\\/schema\\\/logo\\\/image\\\/\",\"url\":\"https:\\\/\\\/meidanmetsamme.org\\\/wp-content\\\/uploads\\\/2019\\\/10\\\/cropped-meidanmetsamme-logo-ellipse-200px.png\",\"contentUrl\":\"https:\\\/\\\/meidanmetsamme.org\\\/wp-content\\\/uploads\\\/2019\\\/10\\\/cropped-meidanmetsamme-logo-ellipse-200px.png\",\"width\":200,\"height\":123,\"caption\":\"MEID\u00c4N METS\u00c4MME \u2011kansalaisliike\"},\"image\":{\"@id\":\"https:\\\/\\\/meidanmetsamme.org\\\/#\\\/schema\\\/logo\\\/image\\\/\"}}]}<\/script>\n<!-- \/ Yoast SEO plugin. -->","yoast_head_json":{"title":"Yhteystiedot - MEID\u00c4N METS\u00c4MME \u2011kansalaisliike","robots":{"index":"index","follow":"follow","max-snippet":"max-snippet:-1","max-image-preview":"max-image-preview:large","max-video-preview":"max-video-preview:-1"},"canonical":"https:\/\/meidanmetsamme.org\/index.php\/etusivu\/yhteystiedot\/","og_locale":"fi_FI","og_type":"article","og_title":"Yhteystiedot - MEID\u00c4N METS\u00c4MME \u2011kansalaisliike","og_description":"Tavoitat meid\u00e4n Meid\u00e4n mets\u00e4mme -kansalaisliikkeen: s\u00e4hk\u00f6postitse meidanmetsamme (at) gmail.com Samaan osoitteeseen voit l\u00e4hett\u00e4\u00e4 palautetta Meid\u00e4n mets\u00e4mme -sivuista ja l\u00e4hett\u00e4\u00e4 pyynn\u00f6n liittymisest\u00e4 s\u00e4hk\u00f6postilistallemme. Meid\u00e4n mets\u00e4mme -kansalaisliikkeen ty\u00f6ryhm\u00e4n j\u00e4senet l\u00f6yd\u00e4t Keit\u00e4 me olemme -sivulta. Some-tilimme https:\/\/bsky.app\/profile\/mmetsamme.bsky.social https:\/\/www.facebook.com\/MMetsamme https:\/\/www.instagram.com\/mmetsamme\/","og_url":"https:\/\/meidanmetsamme.org\/index.php\/etusivu\/yhteystiedot\/","og_site_name":"MEID\u00c4N METS\u00c4MME \u2011kansalaisliike","article_modified_time":"2025-04-20T04:30:33+00:00","twitter_card":"summary_large_image","schema":{"@context":"https:\/\/schema.org","@graph":[{"@type":"WebPage","@id":"https:\/\/meidanmetsamme.org\/index.php\/etusivu\/yhteystiedot\/","url":"https:\/\/meidanmetsamme.org\/index.php\/etusivu\/yhteystiedot\/","name":"Yhteystiedot - MEID\u00c4N METS\u00c4MME \u2011kansalaisliike","isPartOf":{"@id":"https:\/\/meidanmetsamme.org\/#website"},"datePublished":"2021-02-03T09:17:12+00:00","dateModified":"2025-04-20T04:30:33+00:00","breadcrumb":{"@id":"https:\/\/meidanmetsamme.org\/index.php\/etusivu\/yhteystiedot\/#breadcrumb"},"inLanguage":"fi","potentialAction":[{"@type":"ReadAction","target":["https:\/\/meidanmetsamme.org\/index.php\/etusivu\/yhteystiedot\/"]}]},{"@type":"BreadcrumbList","@id":"https:\/\/meidanmetsamme.org\/index.php\/etusivu\/yhteystiedot\/#breadcrumb","itemListElement":[{"@type":"ListItem","position":1,"name":"Home","item":"https:\/\/meidanmetsamme.org\/"},{"@type":"ListItem","position":2,"name":"Etusivu","item":"https:\/\/meidanmetsamme.org\/"},{"@type":"ListItem","position":3,"name":"Yhteystiedot"}]},{"@type":"WebSite","@id":"https:\/\/meidanmetsamme.org\/#website","url":"https:\/\/meidanmetsamme.org\/","name":"MEID\u00c4N METS\u00c4MME \u2011kansalaisliike","description":"Pidet\u00e4\u00e4n metsist\u00e4mme parempaa huolta","publisher":{"@id":"https:\/\/meidanmetsamme.org\/#organization"},"potentialAction":[{"@type":"SearchAction","target":{"@type":"EntryPoint","urlTemplate":"https:\/\/meidanmetsamme.org\/?s={search_term_string}"},"query-input":{"@type":"PropertyValueSpecification","valueRequired":true,"valueName":"search_term_string"}}],"inLanguage":"fi"},{"@type":"Organization","@id":"https:\/\/meidanmetsamme.org\/#organization","name":"MEID\u00c4N METS\u00c4MME \u2011kansalaisliike","url":"https:\/\/meidanmetsamme.org\/","logo":{"@type":"ImageObject","inLanguage":"fi","@id":"https:\/\/meidanmetsamme.org\/#\/schema\/logo\/image\/","url":"https:\/\/meidanmetsamme.org\/wp-content\/uploads\/2019\/10\/cropped-meidanmetsamme-logo-ellipse-200px.png","contentUrl":"https:\/\/meidanmetsamme.org\/wp-content\/uploads\/2019\/10\/cropped-meidanmetsamme-logo-ellipse-200px.png","width":200,"height":123,"caption":"MEID\u00c4N METS\u00c4MME \u2011kansalaisliike"},"image":{"@id":"https:\/\/meidanmetsamme.org\/#\/schema\/logo\/image\/"}}]}},"_links":{"self":[{"href":"https:\/\/meidanmetsamme.org\/index.php\/wp-json\/wp\/v2\/pages\/877","targetHints":{"allow":["GET"]}}],"collection":[{"href":"https:\/\/meidanmetsamme.org\/index.php\/wp-json\/wp\/v2\/pages"}],"about":[{"href":"https:\/\/meidanmetsamme.org\/index.php\/wp-json\/wp\/v2\/types\/page"}],"author":[{"embeddable":true,"href":"https:\/\/meidanmetsamme.org\/index.php\/wp-json\/wp\/v2\/users\/4"}],"replies":[{"embeddable":true,"href":"https:\/\/meidanmetsamme.org\/index.php\/wp-json\/wp\/v2\/comments?post=877"}],"version-history":[{"count":11,"href":"https:\/\/meidanmetsamme.org\/index.php\/wp-json\/wp\/v2\/pages\/877\/revisions"}],"predecessor-version":[{"id":2697,"href":"https:\/\/meidanmetsamme.org\/index.php\/wp-json\/wp\/v2\/pages\/877\/revisions\/2697"}],"up":[{"embeddable":true,"href":"https:\/\/meidanmetsamme.org\/index.php\/wp-json\/wp\/v2\/pages\/861"}],"wp:attachment":[{"href":"https:\/\/meidanmetsamme.org\/index.php\/wp-json\/wp\/v2\/media?parent=877"}],"curies":[{"name":"wp","href":"https:\/\/api.w.org\/{rel}","templated":true}]}}